{"id":2,"date":"2013-02-10T04:54:55","date_gmt":"2013-02-10T04:54:55","guid":{"rendered":"http:\/\/www.laurentpernot.net\/2013\/?page_id=2"},"modified":"2025-07-01T18:38:07","modified_gmt":"2025-07-01T17:38:07","slug":"news","status":"publish","type":"page","link":"https:\/\/www.laurentpernot.net\/eng\/news\/","title":{"rendered":"NEWS"},"content":{"rendered":"\n<hr class=\"wp-block-separator has-alpha-channel-opacity\"\/>\n\n\n\n<p class=\"has-black-color has-text-color has-background has-link-color wp-elements-f568c9da74734d6cb7bea113f0e19a3d\" style=\"background:linear-gradient(135deg,rgb(255,203,112) 0%,rgb(199,81,192) 100%)\"><strong>JULY 1, 2025<\/strong> | I am delighted to share with you the release today of the video clip specially made for Philip Glass&#8217;s Etude No.2, magnificently interpreted by Vanessa Wagner, and ahead of the album \u201cPhilip Glass &#8211; The Complete Piano Etudes\u201d to be released on 10.10.2025 (<a href=\"https:\/\/infine-music.com\/\" target=\"_blank\" rel=\"noreferrer noopener\">INFINE MUSIC<\/a>).<br>I wish you a happy summer !<\/p>\n\n\n\n<figure class=\"wp-block-embed is-type-video is-provider-youtube wp-block-embed-youtube wp-embed-aspect-16-9 wp-has-aspect-ratio\"><div class=\"wp-block-embed__wrapper\">\n<iframe loading=\"lazy\" title=\"Vanessa Wagner - Etude No. 2 [Philip Glass: The Complete Piano Etudes] (Official Music Video)\" width=\"500\" height=\"281\" src=\"https:\/\/www.youtube.com\/embed\/mS0zt7tZYSE?feature=oembed\" frameborder=\"0\" allow=\"accelerometer; autoplay; clipboard-write; encrypted-media; gyroscope; picture-in-picture; web-share\" referrerpolicy=\"strict-origin-when-cross-origin\" allowfullscreen><\/iframe>\n<\/div><\/figure>\n\n\n\n<p class=\"has-black-color has-text-color has-link-color wp-elements-d354677e07f0d8f79e83aa72d63d8947\"><em>\u201dAfter more than three decades dedicated to interpreting the classical canon, discovering Philip Glass\u2019s music has, in a profound sense, reshaped my identity as a musician\u201d<\/em>, confesses <strong>Vanessa Wagner<\/strong>. Vanessa Wagner unveils her luminous interpretation of Philip Glass\u2019s Etude No. 2, a work built on gently cascading arpeggios and infused with meditative depth. Her performance brings out the piece\u2019s reflective beauty\u2014at once expansive, intimate, and quietly romantic.<\/p>\n\n\n\n<p class=\"has-black-color has-text-color has-link-color wp-elements-d197ba1ad68e3c1fa1096ffc79dfa01a\"><em>Images appear in the smoke and then vanish, like fleeting memories that time consumes. Using amateur films from different eras and regions of the world, the video shows moments that have in common the celebration of joy and freedom in their dimensions, both ephemeral and timeless, intimate and universal. From childhood games to family celebrations, from moment-by-moment revelry to expressions of love, from collective emotions to contemplations of nature, the ghostly images evoke some of life&#8217;s unforgettable memories. These seemingly ordinary scenes reveal what persists and connects every human being beyond space and time: a common quest for happiness, emotional bonds and wonder.<\/em> Laurent Pernot<\/p>\n\n\n\n<hr class=\"wp-block-separator has-alpha-channel-opacity\"\/>\n\n\n\n<p class=\"has-black-color has-text-color has-link-color wp-elements-a08d4751fe48435297a69d716072b7dc\"><strong>MERVEILLEUSE DEMOISELLE<\/strong> | VILLA DEMOISELLE, DOMAINE VRANKEN-POMMERY, REIMS<br>Group show from July 9th to June, 15th, 2026<\/p>\n\n\n\n<hr class=\"wp-block-separator has-alpha-channel-opacity\"\/>\n\n\n\n<p class=\"has-black-color has-text-color has-link-color wp-elements-425d1c22889e604991d11869bddd6ab2\"><strong>\u00c9CLATS DE COULEURS<\/strong> | CASTLE OF RENTILLY<br>Group exhibition from September 19th, 2025, to July 5th, 2026<br>Existing works and specific production<\/p>\n\n\n\n<hr class=\"wp-block-separator has-alpha-channel-opacity\"\/>\n\n\n\n<p class=\"has-black-color has-text-color has-link-color wp-elements-c45d15b258c1012b5e7dfdc0d5fa9f62\"><strong>PRIVATE CHOICE<\/strong> | PARIS<br>Edition 2025 from October 19 to 26th<br>Under the direction of Nadia Candet, an unprecedented collection of art and design by over 60 designers.<\/p>\n\n\n\n<hr class=\"wp-block-separator has-alpha-channel-opacity\"\/>\n\n\n\n<p class=\"has-black-color has-text-color has-link-color wp-elements-f248af68ad0a5ef879a7fb42be3c2c0e\"><strong>LE GENRE IDEAL<\/strong> | MAC VAL, VITRY<br>Group show from March 21, 2025<br>Curated by Nicolas Surlapierre<br>Co-curated by Yuan-Chih Cheng, Ana\u00efs Linares, Margaut Segui and all the MAC VAL team<\/p>\n\n\n\n<p class=\"has-black-color has-text-color has-link-color wp-elements-d994c1627bb6badfb25ef70477e69752\">With Mathieu Kleyebe Abonnenc, Boris Achour, Etel Adnan, Dove Allouche, Pierre Ardouvin,Arman, Kader Attia, Bertille Bak, Gilles Barbier, \u00c9ric Baudart, Val\u00e9rie Belin, Julien Berthier, Am\u00e9lie Bertrand, Halida Boughriet, Brognon Rollin, Alain Bublex, Ali Cherri, Claude Closky, Philippe Cogn\u00e9e, Pascale Consigny, Pascal Convert, Fran\u00e7ois-Xavier Courr\u00e8ges, Olivier Debr\u00e9, No\u00ebl Dolla, \u00c9ric Duyckaerts, Malachi Farrell, Val\u00e9rie Favre, Laura Henno, Suzanne Husky, Pierre Joseph, Val\u00e9rie Jouve, Laura Lamiel, Ange Leccia, \u00c9lodie Lesourd, Philippe Mayaux, Mathieu Mercier, Annette Messager, Lahouari Mohammed Bakir, Jacques Monory, Roman Moriceau, Jean-Luc Moul\u00e8ne, Laurent Pernot, Bruno Perramant, Fran\u00e7oise P\u00e9trovitch, \u00c9ric Poitevin, Daniel Pommereulle, Pr\u00e9sence Panchounette, Laure Prouvost, Enrique Ram\u00edrez, Judit Reigl, Germaine Richier, Alain S\u00e9chas, Bruno Serralongue, Soci\u00e9t\u00e9 R\u00e9aliste, Daniel Spoerri, Peter St\u00e4mpfli, Nathalie Talec, Tsuneko Taniuchi, Barth\u00e9l\u00e9my Toguo, Roland Topor, Patrick Tosani, Thu-Van Tran, Agn\u00e8s Varda, Jean-Luc Vilmouth, Catherine Viollet, Hugh Weiss\u2026<\/p>\n\n\n\n<hr class=\"wp-block-separator has-alpha-channel-opacity\"\/>\n\n\n\n<p class=\"has-black-color has-text-color has-link-color wp-elements-85286201630d92fc90773b7b26b68865\"><strong>LA FABRIQUE DU TEMPS<\/strong> | MUSEE DE LA POSTE, PARIS<br>Group exhibition, from March 26th to november 3rd, 2025<br>Curated by C\u00e9line Neveux<br>With Etienne Klein, conseiller scientifique de l\u2019exposition<\/p>\n\n\n\n<p class=\"has-black-color has-text-color has-link-color wp-elements-46705ddc92d38be8ef3d7e45cd704ff2\">With Darren Almond, Maarten Baas, Patrick Bernatchez, Dominique Blais, Claude Closky, Angela Detanico et Rafael Lain, Julien Discrit, Ruth Ewan, V\u00e9ronique Joumard, On Kawara, Alicja Kwade, Jorge Macchi, Annette Messager, Melik Ohanian, Roman Opalka, Laurent Pernot, Patricia Reed, Franck Scurti, Elsa Werth, etc.<\/p>\n\n\n\n<hr class=\"wp-block-separator has-alpha-channel-opacity\"\/>\n\n\n\n<p class=\"has-black-color has-text-color has-link-color wp-elements-585f630c44930f1fd8ee241e315f8b13\"><strong>DOWN TO EARTH <\/strong>| MARGUO GALLERY, PARIS<br>Exhibition Laurent Pernot &amp; Patrick Kim-Gustafson, from January 24 to March 22, 2025<br>Opening January 23rd, 2025, 6-8pm<\/p>\n\n\n\n<figure class=\"wp-block-image size-full\"><img loading=\"lazy\" decoding=\"async\" width=\"1200\" height=\"818\" src=\"http:\/\/www.laurentpernot.net\/eng\/wp-content\/uploads\/2025\/01\/Laurent-Pernot-PERNOT130.jpg\" alt=\"\" class=\"wp-image-5705\" srcset=\"https:\/\/www.laurentpernot.net\/eng\/wp-content\/uploads\/2025\/01\/Laurent-Pernot-PERNOT130.jpg 1200w, https:\/\/www.laurentpernot.net\/eng\/wp-content\/uploads\/2025\/01\/Laurent-Pernot-PERNOT130-293x200.jpg 293w, https:\/\/www.laurentpernot.net\/eng\/wp-content\/uploads\/2025\/01\/Laurent-Pernot-PERNOT130-1024x698.jpg 1024w, https:\/\/www.laurentpernot.net\/eng\/wp-content\/uploads\/2025\/01\/Laurent-Pernot-PERNOT130-768x524.jpg 768w\" sizes=\"auto, (max-width: 1200px) 100vw, 1200px\" \/><\/figure>\n\n\n\n<p>Following on the exhibition conceived for Art Paris 2024 with Galerie Marguo, Laurent Pernot will present new works alongside designer Patrick Kim-Gustafson. Videos, sculptures and paintings created specifically for the exhibition experiment with new approaches to matter and our relationship with nature, always defying time and exploring memory from an introspective perspective. Its title, <em>Down to earth<\/em>, evokes ideas of immanence, poetry and the allegorical powers of matter, but also a return to the earth and nature resonating with our current environmental concerns.<\/p>\n\n\n\n<hr class=\"wp-block-separator has-alpha-channel-opacity\"\/>\n\n\n\n<p><strong>40 YEARS, 40 WORKS <\/strong>| ARTOTHEQUE D&#8217;ANNECY<br>40 years of the artoth\u00e8que d&#8217;Annecy through its acquisitions<br>Group show from January 17 to May 17 2025<\/p>\n\n\n\n<figure class=\"wp-block-image size-large is-resized\"><img loading=\"lazy\" decoding=\"async\" width=\"962\" height=\"1024\" src=\"http:\/\/www.laurentpernot.net\/eng\/wp-content\/uploads\/2021\/02\/laurentpernot_exhibitionview_RX_2021_22-962x1024.jpg\" alt=\"\" class=\"wp-image-5006\" style=\"width:415px;height:auto\" srcset=\"https:\/\/www.laurentpernot.net\/eng\/wp-content\/uploads\/2021\/02\/laurentpernot_exhibitionview_RX_2021_22-962x1024.jpg 962w, https:\/\/www.laurentpernot.net\/eng\/wp-content\/uploads\/2021\/02\/laurentpernot_exhibitionview_RX_2021_22-188x200.jpg 188w, https:\/\/www.laurentpernot.net\/eng\/wp-content\/uploads\/2021\/02\/laurentpernot_exhibitionview_RX_2021_22-768x818.jpg 768w, https:\/\/www.laurentpernot.net\/eng\/wp-content\/uploads\/2021\/02\/laurentpernot_exhibitionview_RX_2021_22.jpg 1000w\" sizes=\"auto, (max-width: 962px) 100vw, 962px\" \/><\/figure>\n\n\n\n<hr class=\"wp-block-separator has-alpha-channel-opacity\"\/>\n\n\n\n<p><strong>GAL&#8217;ART<\/strong> | MUSEUM OF GRENOBLE <br>CHARITY AUCTION To benefit the SOLEIL ROUGE association <br>November 19, 2024 at 7pm <br>With Marion Charlet, Jeremy Liron, C\u00e9cile Beau, Jann Kopp, Saadane Afif, David &amp; St\u00e9phanie Brognon et Rollin, Jeanne Susplugas, Guillaume Herbaut, Barth\u00e9l\u00e9my Toguo, V\u00e9ronique Joumard, Matthieu Laurette, Pierre Joseph, Claude Closky, Vincent Mauger, Maud Maris, Philippe Favier, Wilfrid Almendra, Annette Messager, Nicolas Momein, Estefania Pe\u00f1afiel Loaiza, Anita Molinero, Laurent Montaron, Roman Moriceau, Benjamin Sabatier, Philippe Cogn\u00e9e, Chlo\u00e9 Quenum, etc.<\/p>\n\n\n\n<hr class=\"wp-block-separator has-alpha-channel-opacity\"\/>\n\n\n\n<p><strong>ART021 SHANGHAI<\/strong> | MARGUO GALLERY<br>Fair from November 7 to 10, 2024<\/p>\n\n\n\n<figure class=\"wp-block-image size-large\"><img loading=\"lazy\" decoding=\"async\" width=\"1024\" height=\"512\" src=\"https:\/\/www.laurentpernot.net\/eng\/wp-content\/uploads\/2024\/10\/ART021_2024-1024x512.jpg\" alt=\"\" class=\"wp-image-5660\" srcset=\"https:\/\/www.laurentpernot.net\/eng\/wp-content\/uploads\/2024\/10\/ART021_2024-1024x512.jpg 1024w, https:\/\/www.laurentpernot.net\/eng\/wp-content\/uploads\/2024\/10\/ART021_2024-300x150.jpg 300w, https:\/\/www.laurentpernot.net\/eng\/wp-content\/uploads\/2024\/10\/ART021_2024-768x384.jpg 768w, https:\/\/www.laurentpernot.net\/eng\/wp-content\/uploads\/2024\/10\/ART021_2024-830x415.jpg 830w, https:\/\/www.laurentpernot.net\/eng\/wp-content\/uploads\/2024\/10\/ART021_2024.jpg 1200w\" sizes=\"auto, (max-width: 1024px) 100vw, 1024px\" \/><\/figure>\n\n\n\n<hr class=\"wp-block-separator has-alpha-channel-opacity\"\/>\n\n\n\n<p><strong>PRIVATE CHOICE <\/strong><br>October 10 to 20, 2024<br>Historic house in the heart of the 16th arrondissement, rue Paul Valery, Paris<br>Under the direction of Nadia Candet<\/p>\n\n\n\n<figure class=\"wp-block-image size-large\"><img loading=\"lazy\" decoding=\"async\" width=\"1024\" height=\"714\" src=\"https:\/\/www.laurentpernot.net\/eng\/wp-content\/uploads\/2024\/10\/Photos_PrivateChoiceTheoBaulig_hd-MG2633-1_web2-1024x714.jpg\" alt=\"\" class=\"wp-image-5657\" srcset=\"https:\/\/www.laurentpernot.net\/eng\/wp-content\/uploads\/2024\/10\/Photos_PrivateChoiceTheoBaulig_hd-MG2633-1_web2-1024x714.jpg 1024w, https:\/\/www.laurentpernot.net\/eng\/wp-content\/uploads\/2024\/10\/Photos_PrivateChoiceTheoBaulig_hd-MG2633-1_web2-287x200.jpg 287w, https:\/\/www.laurentpernot.net\/eng\/wp-content\/uploads\/2024\/10\/Photos_PrivateChoiceTheoBaulig_hd-MG2633-1_web2-768x535.jpg 768w, https:\/\/www.laurentpernot.net\/eng\/wp-content\/uploads\/2024\/10\/Photos_PrivateChoiceTheoBaulig_hd-MG2633-1_web2.jpg 1417w\" sizes=\"auto, (max-width: 1024px) 100vw, 1024px\" \/><\/figure>\n\n\n\n<figure class=\"wp-block-gallery has-nested-images columns-default is-cropped wp-block-gallery-1 is-layout-flex wp-block-gallery-is-layout-flex\">\n<figure class=\"wp-block-image size-large\"><img loading=\"lazy\" decoding=\"async\" width=\"1024\" height=\"1024\" data-id=\"5658\" src=\"https:\/\/www.laurentpernot.net\/eng\/wp-content\/uploads\/2024\/10\/PERNOT_NATURE-MORTE_GUIRLANDE_insta-1024x1024.jpg\" alt=\"\" class=\"wp-image-5658\" srcset=\"https:\/\/www.laurentpernot.net\/eng\/wp-content\/uploads\/2024\/10\/PERNOT_NATURE-MORTE_GUIRLANDE_insta-1024x1024.jpg 1024w, https:\/\/www.laurentpernot.net\/eng\/wp-content\/uploads\/2024\/10\/PERNOT_NATURE-MORTE_GUIRLANDE_insta-200x200.jpg 200w, https:\/\/www.laurentpernot.net\/eng\/wp-content\/uploads\/2024\/10\/PERNOT_NATURE-MORTE_GUIRLANDE_insta-150x150.jpg 150w, https:\/\/www.laurentpernot.net\/eng\/wp-content\/uploads\/2024\/10\/PERNOT_NATURE-MORTE_GUIRLANDE_insta-768x768.jpg 768w, https:\/\/www.laurentpernot.net\/eng\/wp-content\/uploads\/2024\/10\/PERNOT_NATURE-MORTE_GUIRLANDE_insta.jpg 1200w\" sizes=\"auto, (max-width: 1024px) 100vw, 1024px\" \/><\/figure>\n\n\n\n<figure class=\"wp-block-image size-large\"><img loading=\"lazy\" decoding=\"async\" width=\"1024\" height=\"1024\" data-id=\"5659\" src=\"https:\/\/www.laurentpernot.net\/eng\/wp-content\/uploads\/2024\/10\/PERNOT_NATURE-MORTE_TELEPHONE_insta-1024x1024.jpg\" alt=\"\" class=\"wp-image-5659\" srcset=\"https:\/\/www.laurentpernot.net\/eng\/wp-content\/uploads\/2024\/10\/PERNOT_NATURE-MORTE_TELEPHONE_insta-1024x1024.jpg 1024w, https:\/\/www.laurentpernot.net\/eng\/wp-content\/uploads\/2024\/10\/PERNOT_NATURE-MORTE_TELEPHONE_insta-200x200.jpg 200w, https:\/\/www.laurentpernot.net\/eng\/wp-content\/uploads\/2024\/10\/PERNOT_NATURE-MORTE_TELEPHONE_insta-150x150.jpg 150w, https:\/\/www.laurentpernot.net\/eng\/wp-content\/uploads\/2024\/10\/PERNOT_NATURE-MORTE_TELEPHONE_insta-768x768.jpg 768w, https:\/\/www.laurentpernot.net\/eng\/wp-content\/uploads\/2024\/10\/PERNOT_NATURE-MORTE_TELEPHONE_insta.jpg 1200w\" sizes=\"auto, (max-width: 1024px) 100vw, 1024px\" \/><\/figure>\n<\/figure>\n\n\n\n<p>As a contemporary art and design fair, Private Choice is a unique concept organized in the intimate setting of a historic house, offering the opportunity to discover and acquire works by over 40 artists and designers from all over the world (Armenia, Belgium, Bulgaria, Croatia, France, Germany, Iran, Italy, Netherlands, New Zealand, Switzerland, USA).<\/p>\n\n\n\n<hr class=\"wp-block-separator has-alpha-channel-opacity\"\/>\n\n\n\n<p><strong>MONSTRES &amp; AUTRES ALL\u00c9GORIES<\/strong> | ARC EN CIEL, LI\u00c9VIN<br>Group show from September 26 to November 23, 2024<\/p>\n\n\n\n<hr class=\"wp-block-separator has-alpha-channel-opacity\"\/>\n\n\n\n<p><strong>KIAF SEOUL ART FAIR 2024<\/strong> | MARGUO GALLERY<br>From September 4 to 8th, 2024<\/p>\n\n\n\n<figure class=\"wp-block-image size-large\"><img loading=\"lazy\" decoding=\"async\" width=\"1024\" height=\"618\" src=\"https:\/\/www.laurentpernot.net\/eng\/wp-content\/uploads\/2024\/10\/Laurent-Pernot-PERNOT125-wall_web-1024x618.jpg\" alt=\"\" class=\"wp-image-5655\" srcset=\"https:\/\/www.laurentpernot.net\/eng\/wp-content\/uploads\/2024\/10\/Laurent-Pernot-PERNOT125-wall_web-1024x618.jpg 1024w, https:\/\/www.laurentpernot.net\/eng\/wp-content\/uploads\/2024\/10\/Laurent-Pernot-PERNOT125-wall_web-300x181.jpg 300w, https:\/\/www.laurentpernot.net\/eng\/wp-content\/uploads\/2024\/10\/Laurent-Pernot-PERNOT125-wall_web-768x464.jpg 768w, https:\/\/www.laurentpernot.net\/eng\/wp-content\/uploads\/2024\/10\/Laurent-Pernot-PERNOT125-wall_web.jpg 1500w\" sizes=\"auto, (max-width: 1024px) 100vw, 1024px\" \/><\/figure>\n\n\n\n<figure class=\"wp-block-image size-large\"><img loading=\"lazy\" decoding=\"async\" width=\"1024\" height=\"525\" src=\"https:\/\/www.laurentpernot.net\/eng\/wp-content\/uploads\/2024\/10\/Laurent-Pernot-kiaf2024_web-1024x525.jpg\" alt=\"\" class=\"wp-image-5656\" srcset=\"https:\/\/www.laurentpernot.net\/eng\/wp-content\/uploads\/2024\/10\/Laurent-Pernot-kiaf2024_web-1024x525.jpg 1024w, https:\/\/www.laurentpernot.net\/eng\/wp-content\/uploads\/2024\/10\/Laurent-Pernot-kiaf2024_web-300x154.jpg 300w, https:\/\/www.laurentpernot.net\/eng\/wp-content\/uploads\/2024\/10\/Laurent-Pernot-kiaf2024_web-768x394.jpg 768w, https:\/\/www.laurentpernot.net\/eng\/wp-content\/uploads\/2024\/10\/Laurent-Pernot-kiaf2024_web-1536x788.jpg 1536w, https:\/\/www.laurentpernot.net\/eng\/wp-content\/uploads\/2024\/10\/Laurent-Pernot-kiaf2024_web.jpg 1600w\" sizes=\"auto, (max-width: 1024px) 100vw, 1024px\" \/><\/figure>\n\n\n\n<hr class=\"wp-block-separator has-alpha-channel-opacity\"\/>\n\n\n\n<p><strong>LES MURMURES DU TEMPS<\/strong> | LE GRAND ROCHER<br>Public commission, permanent monumental sculpture<br>Opening July 6-7th, 2024, Val des Chenevi\u00e8res, L\u2019Arbresle, France<\/p>\n\n\n\n<figure class=\"wp-block-image size-large\"><img loading=\"lazy\" decoding=\"async\" width=\"1024\" height=\"683\" src=\"https:\/\/www.laurentpernot.net\/eng\/wp-content\/uploads\/2024\/07\/laurentpernot_legrandrocher_02-1024x683.jpg\" alt=\"\" class=\"wp-image-5625\" srcset=\"https:\/\/www.laurentpernot.net\/eng\/wp-content\/uploads\/2024\/07\/laurentpernot_legrandrocher_02-1024x683.jpg 1024w, https:\/\/www.laurentpernot.net\/eng\/wp-content\/uploads\/2024\/07\/laurentpernot_legrandrocher_02-300x200.jpg 300w, https:\/\/www.laurentpernot.net\/eng\/wp-content\/uploads\/2024\/07\/laurentpernot_legrandrocher_02-768x512.jpg 768w, https:\/\/www.laurentpernot.net\/eng\/wp-content\/uploads\/2024\/07\/laurentpernot_legrandrocher_02-295x197.jpg 295w, https:\/\/www.laurentpernot.net\/eng\/wp-content\/uploads\/2024\/07\/laurentpernot_legrandrocher_02-379x254.jpg 379w, https:\/\/www.laurentpernot.net\/eng\/wp-content\/uploads\/2024\/07\/laurentpernot_legrandrocher_02.jpg 1200w\" sizes=\"auto, (max-width: 1024px) 100vw, 1024px\" \/><\/figure>\n\n\n\n<figure class=\"wp-block-image size-large\"><img loading=\"lazy\" decoding=\"async\" width=\"1024\" height=\"576\" src=\"https:\/\/www.laurentpernot.net\/eng\/wp-content\/uploads\/2024\/07\/murmures-du-temps_web-1024x576.jpg\" alt=\"\" class=\"wp-image-5624\" srcset=\"https:\/\/www.laurentpernot.net\/eng\/wp-content\/uploads\/2024\/07\/murmures-du-temps_web-1024x576.jpg 1024w, https:\/\/www.laurentpernot.net\/eng\/wp-content\/uploads\/2024\/07\/murmures-du-temps_web-300x169.jpg 300w, https:\/\/www.laurentpernot.net\/eng\/wp-content\/uploads\/2024\/07\/murmures-du-temps_web-768x432.jpg 768w, https:\/\/www.laurentpernot.net\/eng\/wp-content\/uploads\/2024\/07\/murmures-du-temps_web.jpg 1200w\" sizes=\"auto, (max-width: 1024px) 100vw, 1024px\" \/><\/figure>\n\n\n\n<p class=\"has-small-font-size\">The Pays de L&#8217;Arbresle bears the marks of time, each era having left its mark and helped shape this territory. Under the Anthropocene, this new era in which it is becoming clear that human beings are having an irreversible impact on the planet, the pace of change has accelerated, with all its consequences for biodiversity. In the face of the climate emergency and current disruptions, we need to appreciate human transformations, both ancient and recent, as witnesses to our history that will enable us to move forward. It&#8217;s a question of coming to terms with what exists and collectively imagining more desirable futures.<\/p>\n\n\n\n<p class=\"has-small-font-size\">An allegory of the living and of our human condition, <em>Le grand rocher<\/em> is a monumental sculpture imagined specifically for the Val des Chenevi\u00e8res site in L&#8217;Arbresle, shaped for several centuries by extreme climatic conditions that have left their mark on the memory of its inhabitants.<br><\/p>\n\n\n\n<p class=\"has-small-font-size\">Project team: Maison Gutemberg, Lyon Urban School, Looking For Architecture, Terra Publica<br>Steering committee: elected representatives and members of the heritage community<br>Technical committee: Lauranne GERMOND, Paul ARDENNE, Pascal YONNET, Michel GRISCELLI, Bastien JOUSSAUME<\/p>\n\n\n\n<hr class=\"wp-block-separator has-alpha-channel-opacity\"\/>\n\n\n\n<p><strong>ARTICLE<\/strong> | BEAUX-ARTS MAGAZINE<br>By Ma\u00eflys Celeux-Lanval<br>July 1st, 2024<\/p>\n\n\n\n<figure class=\"wp-block-image size-large\"><img loading=\"lazy\" decoding=\"async\" width=\"1024\" height=\"338\" src=\"https:\/\/www.laurentpernot.net\/eng\/wp-content\/uploads\/2024\/07\/2024_Beaux-Arts_arbresle-1-1024x338.jpg\" alt=\"\" class=\"wp-image-5622\" srcset=\"https:\/\/www.laurentpernot.net\/eng\/wp-content\/uploads\/2024\/07\/2024_Beaux-Arts_arbresle-1-1024x338.jpg 1024w, https:\/\/www.laurentpernot.net\/eng\/wp-content\/uploads\/2024\/07\/2024_Beaux-Arts_arbresle-1-300x99.jpg 300w, https:\/\/www.laurentpernot.net\/eng\/wp-content\/uploads\/2024\/07\/2024_Beaux-Arts_arbresle-1-768x253.jpg 768w, https:\/\/www.laurentpernot.net\/eng\/wp-content\/uploads\/2024\/07\/2024_Beaux-Arts_arbresle-1.jpg 1200w\" sizes=\"auto, (max-width: 1024px) 100vw, 1024px\" \/><\/figure>\n\n\n\n<figure class=\"wp-block-image size-large\"><img loading=\"lazy\" decoding=\"async\" width=\"920\" height=\"1024\" src=\"https:\/\/www.laurentpernot.net\/eng\/wp-content\/uploads\/2024\/07\/2024_Beaux-Arts_arbresle-2-920x1024.jpg\" alt=\"\" class=\"wp-image-5623\" srcset=\"https:\/\/www.laurentpernot.net\/eng\/wp-content\/uploads\/2024\/07\/2024_Beaux-Arts_arbresle-2-920x1024.jpg 920w, https:\/\/www.laurentpernot.net\/eng\/wp-content\/uploads\/2024\/07\/2024_Beaux-Arts_arbresle-2-180x200.jpg 180w, https:\/\/www.laurentpernot.net\/eng\/wp-content\/uploads\/2024\/07\/2024_Beaux-Arts_arbresle-2-768x855.jpg 768w, https:\/\/www.laurentpernot.net\/eng\/wp-content\/uploads\/2024\/07\/2024_Beaux-Arts_arbresle-2.jpg 1200w\" sizes=\"auto, (max-width: 920px) 100vw, 920px\" \/><\/figure>\n\n\n\n<hr class=\"wp-block-separator has-alpha-channel-opacity\"\/>\n\n\n\n<p><strong>COLLECTION 9<\/strong> | CLAIRE GASTAUD GALLERY, Clermont-Ferrand<br>Group exhibition, from June 8 to July 27th, 2024<br>With Roland COGNET, Henri CUECO, Coraline DE CHIARA, Anne-Sophie EMARD, Judith GRASSL, ALAIN JOSSEAU, Natacha LESUEUR, Martin PARR, Ernest PIGNON ERNEST, Laurent PERNOT, Erik SCHMIDT, NILS-UDO<\/p>\n\n\n\n<figure class=\"wp-block-image size-large\"><img loading=\"lazy\" decoding=\"async\" width=\"1024\" height=\"567\" src=\"https:\/\/www.laurentpernot.net\/eng\/wp-content\/uploads\/2024\/07\/HORLOGE_claire-Gastaud_mai2024-1024x567.jpg\" alt=\"\" class=\"wp-image-5620\" srcset=\"https:\/\/www.laurentpernot.net\/eng\/wp-content\/uploads\/2024\/07\/HORLOGE_claire-Gastaud_mai2024-1024x567.jpg 1024w, https:\/\/www.laurentpernot.net\/eng\/wp-content\/uploads\/2024\/07\/HORLOGE_claire-Gastaud_mai2024-300x166.jpg 300w, https:\/\/www.laurentpernot.net\/eng\/wp-content\/uploads\/2024\/07\/HORLOGE_claire-Gastaud_mai2024-768x426.jpg 768w, https:\/\/www.laurentpernot.net\/eng\/wp-content\/uploads\/2024\/07\/HORLOGE_claire-Gastaud_mai2024.jpg 1200w\" sizes=\"auto, (max-width: 1024px) 100vw, 1024px\" \/><\/figure>\n\n\n\n<hr class=\"wp-block-separator has-alpha-channel-opacity\"\/>\n\n\n\n<p><strong>ARTICLE<\/strong> | HIGHLIGHTS EECKMAN<br><em>Laurent Pernot, Images d\u2019un monde flottant<\/em><br>June 13, 2024<br>By Pierre Naquin<\/p>\n\n\n\n<figure class=\"wp-block-image size-large\"><img loading=\"lazy\" decoding=\"async\" width=\"1024\" height=\"462\" src=\"https:\/\/www.laurentpernot.net\/eng\/wp-content\/uploads\/2024\/07\/2024-06_article_images-monde-flottant-1024x462.png\" alt=\"\" class=\"wp-image-5619\" srcset=\"https:\/\/www.laurentpernot.net\/eng\/wp-content\/uploads\/2024\/07\/2024-06_article_images-monde-flottant-1024x462.png 1024w, https:\/\/www.laurentpernot.net\/eng\/wp-content\/uploads\/2024\/07\/2024-06_article_images-monde-flottant-300x135.png 300w, https:\/\/www.laurentpernot.net\/eng\/wp-content\/uploads\/2024\/07\/2024-06_article_images-monde-flottant-768x347.png 768w, https:\/\/www.laurentpernot.net\/eng\/wp-content\/uploads\/2024\/07\/2024-06_article_images-monde-flottant.png 1342w\" sizes=\"auto, (max-width: 1024px) 100vw, 1024px\" \/><\/figure>\n\n\n\n<p class=\"has-drop-cap has-small-font-size\">De la po\u00e9sie faite pierre. Dans ses sculptures monumentales comme dans ses installations mixtes, Laurent Pernot a d\u00e9velopp\u00e9 un univers contemplatif, faisant fi des hi\u00e9rarchies de genres ou de formes. Apr\u00e8s des \u00e9tudes en \u00e9cole de photographie et de premi\u00e8res exp\u00e9riences professionnelles, cet artiste plasticien fran\u00e7ais n\u00e9 en 1980 poursuit un cursus universitaire \u00e0 Paris VIII o\u00f9 il obtient une ma\u00eetrise Photographie &amp; Multim\u00e9dia en 2002 avant d\u2019int\u00e9grer le Fresnoy, l\u2019exigeant studio national des arts contemporains de Tourcoing. \u00ab\u2009J\u2019ai toujours \u00e9t\u00e9 davantage attir\u00e9 par le processus de cr\u00e9ation des images que par la commande en elle-m\u00eame, dit-il. \u00c0 l\u2019universit\u00e9, le champ de l\u2019art abord\u00e9 \u00e9tait plus vaste que celui de la photographie et de son histoire. C\u2019est l\u00e0 que je me suis sensibilis\u00e9 \u00e0 la cr\u00e9ation contemporaine. Une fois admis au Fresnoy, j\u2019ai souhait\u00e9 poursuivre ma pratique photographique en la poussant un peu plus loin du c\u00f4t\u00e9 du cin\u00e9ma et de l\u2019installation vid\u00e9o.\u2009\u00bb Pendant plusieurs ann\u00e9es, il encha\u00eene les r\u00e9sidences \u00e0 l\u2019\u00e9tranger, en Asie, en Europe du Nord ou au Canada et d\u00e9veloppe alors \u00ab\u2009plusieurs vagues de recherches\u2009\u00bb. \u00ab\u2009Lorsque je suis revenu \u00e0 Paris et j\u2019ai eu envie d\u2019avoir mon atelier et de m\u2019emparer de nouveaux mat\u00e9riaux, d\u2019exp\u00e9rimenter diff\u00e9rentes techniques, diff\u00e9rentes formes. C\u2019est \u00e0 partir de ce moment-l\u00e0 que ma pratique s\u2019est vraiment \u00e9tendue.\u2009\u00bb<\/p>\n\n\n\n<p class=\"has-drop-cap has-small-font-size\">Il d\u00e9veloppe alors un r\u00e9pertoire polymorphe faisant appel \u00e0 la vid\u00e9o, \u00e0 l\u2019installation, \u00e0 la photographie, \u00e0 la lumi\u00e8re et \u00e0 la sculpture, mais aussi \u00e0 l\u2019\u00e9criture. \u00ab\u2009L\u2019\u00e9criture a toujours \u00e9t\u00e9 au fondement de la conception de mes projets. Je me suis nourri de philosophie, de litt\u00e9rature et po\u00e9sie. Les mots et le langage ont pris de plus en plus de place dans mes cr\u00e9ations et j\u2019ai commenc\u00e9 \u00e0 utiliser la mati\u00e8re textuelle comme une forme, comme une image. L\u2019\u00e9criture po\u00e9tique, par exemple, permet de traduire ou de retranscrire, parfois, avec seulement quelques mots, des pens\u00e9es complexes.\u2009\u00bb Avec plus d\u2019une trentaine d\u2019expositions personnelles \u00e0 son actif, il participe aussi \u00e0 de multiples expositions collectives dans des institutions culturelles telles que le Centre Pompidou, le Louvre Lens et le Palais de Tokyo, ou encore \u00e0 des foires, comme ART021 Shanghai ou r\u00e9cemment Art Paris.<\/p>\n\n\n\n<p class=\"has-drop-cap has-small-font-size\">\u00ab\u2009Quand on est jeune artiste comme moi \u2014 et surtout quand on d\u00e9couvre le milieu de l\u2019art plut\u00f4t tardivement, c\u2019est-\u00e0-dire pendant ou apr\u00e8s ses \u00e9tudes comme je l\u2019ai fait \u2014, il faut aller assez vite. Et pour \u00e7a, il faut mettre en \u0153uvre ses envies sans trop se poser la question de savoir si vraiment la bonne voie, si c\u2019est vraiment un choix d\u00e9terminant ou essentiel, etc. Ensuite, chaque projet en am\u00e8ne souvent un autre. Il y a quelque chose de l\u2019ordre de continuit\u00e9 qui, peu \u00e0 peu, se tisse dans la dur\u00e9e.\u2009\u00bb<\/p>\n\n\n\n<p class=\"has-drop-cap has-small-font-size\">Parfois install\u00e9es en pleine nature ou se d\u00e9voilant de mani\u00e8re inattendue sur une fa\u00e7ade historique, les \u0153uvres de Laurent Pernot convoquent souvent notre rapport au temps, long comme fugace, et \u00e0 la m\u00e9moire. \u00ab\u2009J\u2019ai plut\u00f4t tendance \u00e0 \u00eatre sensible \u00e0 ce que j\u2019appellerais la m\u00e9lancolie, une forme de m\u00e9lancolie douce et joyeuse. Seul le rapport au pr\u00e9sent m\u2019int\u00e9resse, il ne s\u2019agit pas d\u2019une nostalgie tourn\u00e9e vers le pass\u00e9 et les regrets. Pour moi, c\u2019est une sorte de tendresse vis-\u00e0-vis de ce que l\u2019on vit aujourd\u2019hui, notre rapport au vivant, les paradoxes de notre relation au monde.\u2009\u00bb Dans le cadre du programme Mondes nouveaux, Laurent Pernot a ainsi imagin\u00e9 une s\u00e9rie d\u2019interventions pour le Centre des monuments nationaux, \u00ab\u2009op\u00e9rant des rapprochements entre exp\u00e9rience physique de l\u2019art et exp\u00e9rience de la nature\u2009\u00bb.<\/p>\n\n\n\n<p class=\"has-drop-cap has-small-font-size\">Au Domaine de Saint-Cloud, sa sculpture Je me souviens r\u00e9v\u00e8le dans un bassin des lettres \u00e0 demi immerg\u00e9es en pierre naturelle de Haims. \u00ab\u2009Je ne vois pas de diff\u00e9rence entre une vid\u00e9o, une \u0153uvre lumineuse ou une peinture, confie l\u2019artiste qui travaille actuellement sur une autre sculpture monumentale destin\u00e9e l\u2019espace public. Pour moi, elles rel\u00e8vent d\u2019une exp\u00e9rience sensorielle et sensible, parfois spirituelle ou plus intellectuelle, selon les interpr\u00e9tations. Ces \u0153uvres sont des supports qui permettent d\u2019\u00e9veiller l\u2019imaginaire et de voir le r\u00e9el autrement.\u2009\u00bb<\/p>\n\n\n\n<hr class=\"wp-block-separator has-alpha-channel-opacity\"\/>\n\n\n\n<p><strong>ART PARIS<\/strong> | GRAND PALAIS \u00c9PH\u00c9M\u00c8RE<br><em>It\u2019s beautiful, you would\u2019ve seen, and it\u2019s all around<\/em><br>3-7 April 2024<br>Marguo Gallery (D14)<br>Laurent Pernot &amp; Patrick Kim-Gustafson<\/p>\n\n\n\n<figure class=\"wp-block-image size-large\"><img loading=\"lazy\" decoding=\"async\" width=\"1024\" height=\"820\" src=\"https:\/\/www.laurentpernot.net\/eng\/wp-content\/uploads\/2024\/04\/PERNOT116-model-1024x820.jpg\" alt=\"\" class=\"wp-image-5578\" srcset=\"https:\/\/www.laurentpernot.net\/eng\/wp-content\/uploads\/2024\/04\/PERNOT116-model-1024x820.jpg 1024w, https:\/\/www.laurentpernot.net\/eng\/wp-content\/uploads\/2024\/04\/PERNOT116-model-250x200.jpg 250w, https:\/\/www.laurentpernot.net\/eng\/wp-content\/uploads\/2024\/04\/PERNOT116-model-768x615.jpg 768w, https:\/\/www.laurentpernot.net\/eng\/wp-content\/uploads\/2024\/04\/PERNOT116-model.jpg 1328w\" sizes=\"auto, (max-width: 1024px) 100vw, 1024px\" \/><\/figure>\n\n\n\n<figure class=\"wp-block-image size-large\"><img loading=\"lazy\" decoding=\"async\" width=\"1024\" height=\"538\" src=\"https:\/\/www.laurentpernot.net\/eng\/wp-content\/uploads\/2024\/04\/TBUSED-Art-Paris-2024-04_wide_web-1024x538.jpg\" alt=\"\" class=\"wp-image-5579\" srcset=\"https:\/\/www.laurentpernot.net\/eng\/wp-content\/uploads\/2024\/04\/TBUSED-Art-Paris-2024-04_wide_web-1024x538.jpg 1024w, https:\/\/www.laurentpernot.net\/eng\/wp-content\/uploads\/2024\/04\/TBUSED-Art-Paris-2024-04_wide_web-300x158.jpg 300w, https:\/\/www.laurentpernot.net\/eng\/wp-content\/uploads\/2024\/04\/TBUSED-Art-Paris-2024-04_wide_web-768x403.jpg 768w, https:\/\/www.laurentpernot.net\/eng\/wp-content\/uploads\/2024\/04\/TBUSED-Art-Paris-2024-04_wide_web.jpg 1200w\" sizes=\"auto, (max-width: 1024px) 100vw, 1024px\" \/><\/figure>\n\n\n\n<p>Galerie Marguo is pleased to present the works of French artist Laurent Pernot (b.1980, France) and Korean-Swedish designer Patrick Kim-Gustafson (b.1986, Sweden) for Art Paris 2024.&nbsp; Featuring a new series of Pernot\u2019s wood and marble landscapes and an assembly of Kim-Gustafson\u2019s sculptural furnishings and objets d\u2019art, the works on view are united in their respective approaches to the materials.<\/p>\n\n\n\n<figure class=\"wp-block-image size-large\"><a href=\"https:\/\/www.marguo.com\/video\/65-patrick-kim-gustafson-laurent-pernot-at-art-paris-duo-presentation\/\" target=\"_blank\" rel=\"noreferrer noopener\"><img loading=\"lazy\" decoding=\"async\" width=\"1024\" height=\"577\" src=\"https:\/\/www.laurentpernot.net\/eng\/wp-content\/uploads\/2024\/04\/marguo_film-patrick-laurent_art-paris_2024-1024x577.jpg\" alt=\"\" class=\"wp-image-5582\" srcset=\"https:\/\/www.laurentpernot.net\/eng\/wp-content\/uploads\/2024\/04\/marguo_film-patrick-laurent_art-paris_2024-1024x577.jpg 1024w, https:\/\/www.laurentpernot.net\/eng\/wp-content\/uploads\/2024\/04\/marguo_film-patrick-laurent_art-paris_2024-300x169.jpg 300w, https:\/\/www.laurentpernot.net\/eng\/wp-content\/uploads\/2024\/04\/marguo_film-patrick-laurent_art-paris_2024-768x433.jpg 768w, https:\/\/www.laurentpernot.net\/eng\/wp-content\/uploads\/2024\/04\/marguo_film-patrick-laurent_art-paris_2024.jpg 1294w\" sizes=\"auto, (max-width: 1024px) 100vw, 1024px\" \/><\/a><\/figure>\n\n\n\n<hr class=\"wp-block-separator has-alpha-channel-opacity\"\/>\n\n\n\n<p><strong>EFFERVESCENCES<\/strong><br>Ch\u00e2teau du Rivau, L\u00e9mer\u00e9<br>Group exhibition from April 1 to November 11, 2024<br>Opening April 12<br>With David Altmejd, Carlos Aires, Elodie Antoine, Gilles Barbier, Pauline Bazignan, Romain Bernini, Michel Blazy, Corinne Borgnet, le duo Broadbeck et de Barbuat, Sylvain Ciavaldini, Bryan Crockett, Alain Delorme, He\u0301le\u0300ne Delprat, Marie Denis, Mathieu Dufois, Lionnel Est\u00e8ve, Richard Fauguet, Raymond Hains, Sheila Hicks, Laurie Karp, Christian Marclay, Filip Markiewicz, Eugenio Merino, Robert Montgomery, Meret Oppenheim, Laurent Pernot, Till Rabus, Antoine Roegiers, RU Xiao Fan, Jeanne Susplugas, Rikrit Tiravanija, Nicolas Tourte, Georges Tony Stoll, et Jean-Luc Verna.<\/p>\n\n\n\n<figure class=\"wp-block-image size-full\"><img loading=\"lazy\" decoding=\"async\" width=\"1200\" height=\"528\" src=\"https:\/\/www.laurentpernot.net\/eng\/wp-content\/uploads\/2024\/05\/plus-beaux-jardins-france-chateau-rivau-darrault-web.jpg\" alt=\"\" class=\"wp-image-5609\" style=\"object-fit:cover\" srcset=\"https:\/\/www.laurentpernot.net\/eng\/wp-content\/uploads\/2024\/05\/plus-beaux-jardins-france-chateau-rivau-darrault-web.jpg 1200w, https:\/\/www.laurentpernot.net\/eng\/wp-content\/uploads\/2024\/05\/plus-beaux-jardins-france-chateau-rivau-darrault-web-300x132.jpg 300w, https:\/\/www.laurentpernot.net\/eng\/wp-content\/uploads\/2024\/05\/plus-beaux-jardins-france-chateau-rivau-darrault-web-1024x451.jpg 1024w, https:\/\/www.laurentpernot.net\/eng\/wp-content\/uploads\/2024\/05\/plus-beaux-jardins-france-chateau-rivau-darrault-web-768x338.jpg 768w\" sizes=\"auto, (max-width: 1200px) 100vw, 1200px\" \/><\/figure>\n\n\n\n<figure class=\"wp-block-image size-large\"><img loading=\"lazy\" decoding=\"async\" width=\"1024\" height=\"562\" src=\"http:\/\/www.laurentpernot.net\/eng\/wp-content\/uploads\/2024\/05\/Laurent-PernotJormaPuranen_AtelierFindArt_ChateauDuRivau_2024_20LARGEw-1024x562.jpg\" alt=\"\" class=\"wp-image-5610\" srcset=\"https:\/\/www.laurentpernot.net\/eng\/wp-content\/uploads\/2024\/05\/Laurent-PernotJormaPuranen_AtelierFindArt_ChateauDuRivau_2024_20LARGEw-1024x562.jpg 1024w, https:\/\/www.laurentpernot.net\/eng\/wp-content\/uploads\/2024\/05\/Laurent-PernotJormaPuranen_AtelierFindArt_ChateauDuRivau_2024_20LARGEw-300x165.jpg 300w, https:\/\/www.laurentpernot.net\/eng\/wp-content\/uploads\/2024\/05\/Laurent-PernotJormaPuranen_AtelierFindArt_ChateauDuRivau_2024_20LARGEw-768x422.jpg 768w, https:\/\/www.laurentpernot.net\/eng\/wp-content\/uploads\/2024\/05\/Laurent-PernotJormaPuranen_AtelierFindArt_ChateauDuRivau_2024_20LARGEw.jpg 1200w\" sizes=\"auto, (max-width: 1024px) 100vw, 1024px\" \/><figcaption class=\"wp-element-caption\">\u00a9AtelierFindArt &#8211; Chateau du Rivau, 2024<\/figcaption><\/figure>\n\n\n\n<hr class=\"wp-block-separator has-alpha-channel-opacity\"\/>\n\n\n\n<p class=\"has-text-align-center has-medium-font-size\"><strong>BEST WISHES 2024<\/strong><\/p>\n\n\n\n<figure class=\"wp-block-image size-full\"><img loading=\"lazy\" decoding=\"async\" width=\"900\" height=\"600\" src=\"https:\/\/www.laurentpernot.net\/eng\/wp-content\/uploads\/2024\/01\/laurentpernot_lost-time_lr.jpg\" alt=\"\" class=\"wp-image-5572\" srcset=\"https:\/\/www.laurentpernot.net\/eng\/wp-content\/uploads\/2024\/01\/laurentpernot_lost-time_lr.jpg 900w, https:\/\/www.laurentpernot.net\/eng\/wp-content\/uploads\/2024\/01\/laurentpernot_lost-time_lr-300x200.jpg 300w, https:\/\/www.laurentpernot.net\/eng\/wp-content\/uploads\/2024\/01\/laurentpernot_lost-time_lr-768x512.jpg 768w, https:\/\/www.laurentpernot.net\/eng\/wp-content\/uploads\/2024\/01\/laurentpernot_lost-time_lr-295x197.jpg 295w, https:\/\/www.laurentpernot.net\/eng\/wp-content\/uploads\/2024\/01\/laurentpernot_lost-time_lr-379x254.jpg 379w\" sizes=\"auto, (max-width: 900px) 100vw, 900px\" \/><figcaption class=\"wp-element-caption\"><em>Lost time<\/em>, photograph, 2007<\/figcaption><\/figure>\n\n\n\n<p class=\"has-text-align-center has-small-font-size\">I wish you all the very best<br>For a year rich in culture and celebration!<br><br>In the current context<br>Culture is more than ever a hand extended to peace<br>Not a refuge or a hobby<br>But a remedy for the wounds of so many lives and hopes<br><br>Culture teaches us to love<br>It brings our vision of the world closer to those of others<br>Culture is its own end<br>As creation is to life<br><br>Culture is an ode to empathy<br>It is the nuance missing from emoticons<br>and the irrational invective that swarms<br>on social networks<br><br>Culture teaches us to look, to listen, to feel<br>But also to let ourselves be surprised, baffled and shaken up<br>To heighten our perception<br>And marvel at the ever-renewed beauty of the world<br><br>Culture teaches us to think better<br>To recognize that we can doubt or make mistakes<br>And that others may be right<br>That our opinions and judgments must never become rooted<br><br>Culture is the heel of democracy<br>It helps us fight censorship<br>Soften our pride to transcend divisions<br>It is an opportunity for transformation and the future<br><br>Democracy is not the right to vote<br>It is the freedom of culture<br>Building unity through diversity<br>Against all extremisms that are antithetical to solidarity<br><br>Let&#8217;s celebrate diversity more than ever!<br>It&#8217;s our strength, our wealth and our only hope<br>Against all the temptations of mistrust, division and hatred<br>cultivated by the far right to gain power<br><br>&#8211;<br>Let&#8217;s remember the mandate of the military Bolsonaro in Brazil<br>-Supported by Marine Le Pen &#8211;<br>The Ministry of Culture has been abolished<br>The rich have received more aid<br>Poverty has increased with the abolition of welfare benefits<br>And environmental destruction<br>Insecurity has remained high<br>Due to growing inequality<br>Liberalization of arms sales<br>its attacks on the justice system<br>Rising corruption<br>As well as the decomplexification of reactionary actions and words<br>Racist, sexist, homophobic, climate-skeptic, conspiracy theorists\u2026<br>&#8211;<br><br>Year of the Olympic Games and European elections<br>Let&#8217;s celebrate 2024 with our filiations and our differences<br>With more equality and respect between sexes, genders, French citizens and foreigners<br>With more generosity, reconciliation and savoir-\u00eatre<br>With more tenderness and care for nature<br>With more exhibitions, readings, encounters\u2026<br>and shared joy!<\/p>\n\n\n\n<hr class=\"wp-block-separator has-alpha-channel-opacity\"\/>\n\n\n\n<p><strong>FROZEN LANDSCAPES<\/strong><br>ABBEY MUSEUM, SAINT-CLAUDE<\/p>\n\n\n\n<figure class=\"wp-block-image size-large\"><img loading=\"lazy\" decoding=\"async\" width=\"1024\" height=\"576\" src=\"https:\/\/www.laurentpernot.net\/eng\/wp-content\/uploads\/2024\/01\/1280x720_1-1024x576.jpg\" alt=\"\" class=\"wp-image-5571\" srcset=\"https:\/\/www.laurentpernot.net\/eng\/wp-content\/uploads\/2024\/01\/1280x720_1-1024x576.jpg 1024w, https:\/\/www.laurentpernot.net\/eng\/wp-content\/uploads\/2024\/01\/1280x720_1-300x169.jpg 300w, https:\/\/www.laurentpernot.net\/eng\/wp-content\/uploads\/2024\/01\/1280x720_1-768x432.jpg 768w, https:\/\/www.laurentpernot.net\/eng\/wp-content\/uploads\/2024\/01\/1280x720_1-1536x864.jpg 1536w, https:\/\/www.laurentpernot.net\/eng\/wp-content\/uploads\/2024\/01\/1280x720_1-2048x1152.jpg 2048w\" sizes=\"auto, (max-width: 1024px) 100vw, 1024px\" \/><\/figure>\n\n\n\n<p class=\"has-small-font-size\">From December 23, 2023 to May 19, 2024<br>Exhibition curators : Am\u00e9lie Lavin, Val\u00e9rie Pugin et Corsin Vogel<br>Group exhibiton with Martine Aballea, Jules Bastien-Lepage, C\u00e9cile Beau, H\u00e9l\u00e8ne Bellenger, Alain Bernardini, Julien Discrit, Nicolas Faure, Thomas Flechtner, Marina Gadonneix, Jean-Philippe George, Gabriela Gerber et Lukas Bardill, Giovanni Giacometti, Michel Grillet, Claude Hugard de La Tour, Boris Jollivet, Jean-Antoine Linck, Jean Messagier, Alexis No\u00ebl, Laurent Pernot, Elodie Pong, Pierre Prins, Bernard Quesniaux, Anna Katharina Scheidegger, Julies Spinatchs, Bertrand Stofleth, Tairraz, Nathalie Talec, Alexia Turlin, Corsin Vogel, Hannes Vogel, Clarence Hudson White, Guy Zahler, R\u00e9my Zaugg.<\/p>\n\n\n\n<p class=\"has-small-font-size\">Frozen Landscapes brings together a selection of works from different periods and artistic currents, with the fascinating common theme of the winter landscape. Often perceived as an immobile, silent space frozen in time awaiting the thaw, it has been the subject of numerous projections and reveries by artists over the centuries. The mountain and the glacier have been the most frequent motifs and incarnations, giving form to representations that are sometimes idealized or fantasized. Frost and snowy white can be associated with silence and opacity, but also with mystery, sometimes reassuring, sometimes imposing, sometimes frightening.<\/p>\n\n\n\n<hr class=\"wp-block-separator has-alpha-channel-opacity\"\/>\n\n\n\n<p><strong>UCCA GALA 2023<\/strong>, Shanghai, China<br>Exhibition and auction with Galerie Marguo (Paris, Mahon)<br>November 6, 2023<\/p>\n\n\n\n<figure class=\"wp-block-gallery has-nested-images columns-default is-cropped wp-block-gallery-2 is-layout-flex wp-block-gallery-is-layout-flex\">\n<figure class=\"wp-block-image size-large\"><img loading=\"lazy\" decoding=\"async\" width=\"1024\" height=\"683\" data-id=\"5569\" src=\"https:\/\/www.laurentpernot.net\/eng\/wp-content\/uploads\/2024\/01\/UCCA-1024x683.jpg\" alt=\"\" class=\"wp-image-5569\" srcset=\"https:\/\/www.laurentpernot.net\/eng\/wp-content\/uploads\/2024\/01\/UCCA-1024x683.jpg 1024w, https:\/\/www.laurentpernot.net\/eng\/wp-content\/uploads\/2024\/01\/UCCA-300x200.jpg 300w, https:\/\/www.laurentpernot.net\/eng\/wp-content\/uploads\/2024\/01\/UCCA-768x512.jpg 768w, https:\/\/www.laurentpernot.net\/eng\/wp-content\/uploads\/2024\/01\/UCCA-295x197.jpg 295w, https:\/\/www.laurentpernot.net\/eng\/wp-content\/uploads\/2024\/01\/UCCA-379x254.jpg 379w, https:\/\/www.laurentpernot.net\/eng\/wp-content\/uploads\/2024\/01\/UCCA.jpg 1080w\" sizes=\"auto, (max-width: 1024px) 100vw, 1024px\" \/><\/figure>\n\n\n\n<figure class=\"wp-block-image size-large\"><img loading=\"lazy\" decoding=\"async\" width=\"1024\" height=\"768\" data-id=\"5570\" src=\"https:\/\/www.laurentpernot.net\/eng\/wp-content\/uploads\/2024\/01\/UCCA_IMG-20231106-WA0000w-1024x768.jpg\" alt=\"\" class=\"wp-image-5570\" srcset=\"https:\/\/www.laurentpernot.net\/eng\/wp-content\/uploads\/2024\/01\/UCCA_IMG-20231106-WA0000w-1024x768.jpg 1024w, https:\/\/www.laurentpernot.net\/eng\/wp-content\/uploads\/2024\/01\/UCCA_IMG-20231106-WA0000w-267x200.jpg 267w, https:\/\/www.laurentpernot.net\/eng\/wp-content\/uploads\/2024\/01\/UCCA_IMG-20231106-WA0000w-768x576.jpg 768w, https:\/\/www.laurentpernot.net\/eng\/wp-content\/uploads\/2024\/01\/UCCA_IMG-20231106-WA0000w.jpg 1200w\" sizes=\"auto, (max-width: 1024px) 100vw, 1024px\" \/><\/figure>\n<\/figure>\n\n\n\n<p class=\"has-small-font-size\">The UCCA Gala is not only a flagship event in artistic and social circles, but also the most important annual fundraising event for the UCCA Ullens Center for Contemporary Art. The most important and exciting part of this celebration, this charity auction features works by 19 outstanding contemporary artists. They are Chen Ke, David Claerbout, Fu Qiang, Han Mengyun, Liang Hao, Liu Shiyuan, Lu Pingyuan, Laurent Pernot, Qiu Xiaofei, Shi Jiayun, Alice Wang, Wang Xuebing, Ziping Wang, Wu Junyong, Ye Linghan, Zhang Ji, Zhao Gang, Meng Zhou, Zhu Dan. The chief auctioneer for this charity auction was Jonathan Crockett, President of Phillips Asia.<br>Hammered at 170k RMP<\/p>\n\n\n\n<hr class=\"wp-block-separator has-alpha-channel-opacity\"\/>\n\n\n\n<p><strong>PRIVATE CHOICE<\/strong><br>From October 15 to 22, 2023, at 7 avenue Franklin D. Roosevelt, Paris 8\u00e8me.<br>Under the direction of Nadia Candet<\/p>\n\n\n\n<figure class=\"wp-block-image size-full\"><img loading=\"lazy\" decoding=\"async\" width=\"1000\" height=\"591\" src=\"https:\/\/www.laurentpernot.net\/eng\/wp-content\/uploads\/2024\/01\/laurentpernot_naturemorte_horloge.jpg\" alt=\"\" class=\"wp-image-5568\" srcset=\"https:\/\/www.laurentpernot.net\/eng\/wp-content\/uploads\/2024\/01\/laurentpernot_naturemorte_horloge.jpg 1000w, https:\/\/www.laurentpernot.net\/eng\/wp-content\/uploads\/2024\/01\/laurentpernot_naturemorte_horloge-300x177.jpg 300w, https:\/\/www.laurentpernot.net\/eng\/wp-content\/uploads\/2024\/01\/laurentpernot_naturemorte_horloge-768x454.jpg 768w\" sizes=\"auto, (max-width: 1000px) 100vw, 1000px\" \/><\/figure>\n\n\n\n<p class=\"has-small-font-size\">To celebrate its 10th anniversary, Private Choice brings a breath of fresh air to its exhibition-event, with &#8220;Eclosion de talents&#8221;. In the intimate atmosphere of a Parisian apartment, discover during art week a made-to-measure selection of over 40 young prodigies and established artists.<\/p>\n\n\n\n<hr class=\"wp-block-separator has-alpha-channel-opacity\"\/>\n\n\n\n<p><strong>THE LATEST ACQUISITIONS<\/strong><br>From October 13, 2023 to February 4, 2024<br>Group exhibition<br>MUS\u00c9E DU PAVILLON VEND\u00d4ME, Aix-en-Provence<\/p>\n\n\n\n<figure class=\"wp-block-image size-large\"><img loading=\"lazy\" decoding=\"async\" width=\"724\" height=\"1024\" src=\"https:\/\/www.laurentpernot.net\/eng\/wp-content\/uploads\/2024\/01\/PV_2023_acquisitionsA3_web-724x1024.jpg\" alt=\"\" class=\"wp-image-5567\" style=\"aspect-ratio:4\/3;object-fit:cover\" srcset=\"https:\/\/www.laurentpernot.net\/eng\/wp-content\/uploads\/2024\/01\/PV_2023_acquisitionsA3_web-724x1024.jpg 724w, https:\/\/www.laurentpernot.net\/eng\/wp-content\/uploads\/2024\/01\/PV_2023_acquisitionsA3_web-141x200.jpg 141w, https:\/\/www.laurentpernot.net\/eng\/wp-content\/uploads\/2024\/01\/PV_2023_acquisitionsA3_web-768x1086.jpg 768w, https:\/\/www.laurentpernot.net\/eng\/wp-content\/uploads\/2024\/01\/PV_2023_acquisitionsA3_web.jpg 1000w\" sizes=\"auto, (max-width: 724px) 100vw, 724px\" \/><\/figure>\n\n\n\n<p class=\"has-small-font-size\">For several years now, the Mus\u00e9e du Pavillon de Vend\u00f4me has been building up a collection of contemporary works, all of which are related to the collections, history and architecture of the site. Support for creation and artists is paramount, and the majority of acquisitions are made from artists who have exhibited within its walls and come from our region. In this way, we will be able to rediscover the artists who have worked in the various salons of the Pavillon de Vend\u00f4me, some of whose works will resonate with the museum&#8217;s older works.<br>With Carolle B\u00e9nitah, Eric Bourret, Cl\u00e9mentine Carsberg, Dominique Castell, Karine Debouzie, Marie Ducat\u00e9, Nadine Lahoz-Quilez, Fr\u00e9d\u00e9rique Nalbandian, Laurent Pernot\u2026<\/p>\n\n\n\n<hr class=\"wp-block-separator has-alpha-channel-opacity\"\/>\n\n\n\n<p><strong>WHAT PLANTS SAY<\/strong><br>From October 7, 2023 to January 17, 2024<br>Group exhibition<br>LE GRENIER A SEL, Avignon<\/p>\n\n\n\n<figure class=\"wp-block-image size-large\"><img loading=\"lazy\" decoding=\"async\" width=\"1024\" height=\"470\" src=\"https:\/\/www.laurentpernot.net\/eng\/wp-content\/uploads\/2024\/01\/GRENIER-A-SEL-1024x470.jpg\" alt=\"\" class=\"wp-image-5566\" srcset=\"https:\/\/www.laurentpernot.net\/eng\/wp-content\/uploads\/2024\/01\/GRENIER-A-SEL-1024x470.jpg 1024w, https:\/\/www.laurentpernot.net\/eng\/wp-content\/uploads\/2024\/01\/GRENIER-A-SEL-300x138.jpg 300w, https:\/\/www.laurentpernot.net\/eng\/wp-content\/uploads\/2024\/01\/GRENIER-A-SEL-768x353.jpg 768w, https:\/\/www.laurentpernot.net\/eng\/wp-content\/uploads\/2024\/01\/GRENIER-A-SEL.jpg 1366w\" sizes=\"auto, (max-width: 1024px) 100vw, 1024px\" \/><\/figure>\n\n\n\n<p class=\"has-small-font-size\">What do plants have to say to us, and what do they inspire artists, at a time of climate change, major agricultural challenges and an increasingly virtual or artificial nature that requires us to rethink our fundamental relationship with it? Le Grenier \u00e0 sel presents the first part of its exhibition cycle entitled &#8220;Sympt\u00f4mes du vivant&#8221; (2023-2025).<br>13 artists are invited to share their views on plants. From the praise of beauty and the celebration of life, to the desire to preserve biodiversity in the face of the alteration of ecosystems, &#8220;Ce que disent les plantes&#8221; (What plants say) invites us to delve into the heart of a non-human society, and to open up to the diversity of artistic approaches. Casting a sensitive light on current concerns, they all invite us to shed our age-old anthropocentric vision and reconnect with nature.<\/p>\n\n\n\n<hr class=\"wp-block-separator has-alpha-channel-opacity\"\/>\n\n\n\n<p><strong>TV5 MONDE<\/strong><br>VERSION FRAN\u00c7AISE interview<br>With Katherina Marx<\/p>\n\n\n\n<figure class=\"wp-block-image size-large\"><img loading=\"lazy\" decoding=\"async\" width=\"1024\" height=\"309\" src=\"https:\/\/www.laurentpernot.net\/eng\/wp-content\/uploads\/2024\/01\/version-francaise_banniere-emission-1024x309.jpg\" alt=\"\" class=\"wp-image-5564\" srcset=\"https:\/\/www.laurentpernot.net\/eng\/wp-content\/uploads\/2024\/01\/version-francaise_banniere-emission-1024x309.jpg 1024w, https:\/\/www.laurentpernot.net\/eng\/wp-content\/uploads\/2024\/01\/version-francaise_banniere-emission-300x91.jpg 300w, https:\/\/www.laurentpernot.net\/eng\/wp-content\/uploads\/2024\/01\/version-francaise_banniere-emission-768x232.jpg 768w, https:\/\/www.laurentpernot.net\/eng\/wp-content\/uploads\/2024\/01\/version-francaise_banniere-emission.jpg 1473w\" sizes=\"auto, (max-width: 1024px) 100vw, 1024px\" \/><\/figure>\n\n\n\n<figure class=\"wp-block-image size-large\"><img loading=\"lazy\" decoding=\"async\" width=\"1024\" height=\"576\" src=\"https:\/\/www.laurentpernot.net\/eng\/wp-content\/uploads\/2024\/01\/EXTRAIT-1024x576.jpg\" alt=\"\" class=\"wp-image-5565\" srcset=\"https:\/\/www.laurentpernot.net\/eng\/wp-content\/uploads\/2024\/01\/EXTRAIT-1024x576.jpg 1024w, https:\/\/www.laurentpernot.net\/eng\/wp-content\/uploads\/2024\/01\/EXTRAIT-300x169.jpg 300w, https:\/\/www.laurentpernot.net\/eng\/wp-content\/uploads\/2024\/01\/EXTRAIT-768x432.jpg 768w, https:\/\/www.laurentpernot.net\/eng\/wp-content\/uploads\/2024\/01\/EXTRAIT.jpg 1162w\" sizes=\"auto, (max-width: 1024px) 100vw, 1024px\" \/><\/figure>\n\n\n\n<p class=\"has-small-font-size\">VERSION FRAN\u00c7AISE Magazine<br>Fashion, design, gastronomy, art of living\u2026 all the players in the savoir-vivre world with Katherina Marx, passionate ambassador of French chic.<br>At the heart of each program, an emblematic guest and and several features to discover or rediscover France, its young chic and trendy places.<br>Poetry, multiplicity of techniques and materials: meet artist Laurent Pernot<br>FIRST RELEASE: Sunday October 1, 2023 &#8211; VISIBLE IN REPLAY<\/p>\n\n\n\n<hr class=\"wp-block-separator has-alpha-channel-opacity\"\/>\n\n\n\n<p><strong>MELANCOLIE DE LA CONSOLATON<\/strong>, article by Aur\u00e9lie Barnier<br>Le Quotidien de l&#8217;Art, May 11th 2023<\/p>\n\n\n\n<figure class=\"wp-block-image size-large\"><img loading=\"lazy\" decoding=\"async\" width=\"1024\" height=\"724\" src=\"https:\/\/www.laurentpernot.net\/eng\/wp-content\/uploads\/2023\/05\/2023-05-11_QDA-11-12w-1024x724.jpg\" alt=\"\" class=\"wp-image-5476\" srcset=\"https:\/\/www.laurentpernot.net\/eng\/wp-content\/uploads\/2023\/05\/2023-05-11_QDA-11-12w-1024x724.jpg 1024w, https:\/\/www.laurentpernot.net\/eng\/wp-content\/uploads\/2023\/05\/2023-05-11_QDA-11-12w-283x200.jpg 283w, https:\/\/www.laurentpernot.net\/eng\/wp-content\/uploads\/2023\/05\/2023-05-11_QDA-11-12w-768x543.jpg 768w, https:\/\/www.laurentpernot.net\/eng\/wp-content\/uploads\/2023\/05\/2023-05-11_QDA-11-12w-1536x1085.jpg 1536w, https:\/\/www.laurentpernot.net\/eng\/wp-content\/uploads\/2023\/05\/2023-05-11_QDA-11-12w.jpg 1755w\" sizes=\"auto, (max-width: 1024px) 100vw, 1024px\" \/><\/figure>\n\n\n\n<figure class=\"wp-block-image size-large\"><img loading=\"lazy\" decoding=\"async\" width=\"1024\" height=\"724\" src=\"https:\/\/www.laurentpernot.net\/eng\/wp-content\/uploads\/2023\/05\/2023-05-11_QDA-13-14w-1024x724.jpg\" alt=\"\" class=\"wp-image-5477\" srcset=\"https:\/\/www.laurentpernot.net\/eng\/wp-content\/uploads\/2023\/05\/2023-05-11_QDA-13-14w-1024x724.jpg 1024w, https:\/\/www.laurentpernot.net\/eng\/wp-content\/uploads\/2023\/05\/2023-05-11_QDA-13-14w-283x200.jpg 283w, https:\/\/www.laurentpernot.net\/eng\/wp-content\/uploads\/2023\/05\/2023-05-11_QDA-13-14w-768x543.jpg 768w, https:\/\/www.laurentpernot.net\/eng\/wp-content\/uploads\/2023\/05\/2023-05-11_QDA-13-14w-1536x1085.jpg 1536w, https:\/\/www.laurentpernot.net\/eng\/wp-content\/uploads\/2023\/05\/2023-05-11_QDA-13-14w.jpg 1755w\" sizes=\"auto, (max-width: 1024px) 100vw, 1024px\" \/><\/figure>\n\n\n\n<hr class=\"wp-block-separator has-alpha-channel-opacity\"\/>\n\n\n\n<figure class=\"wp-block-image size-full\"><img loading=\"lazy\" decoding=\"async\" width=\"800\" height=\"566\" src=\"https:\/\/www.laurentpernot.net\/eng\/wp-content\/uploads\/2023\/03\/Paysage-A4-paysage-JPG.jpg\" alt=\"\" class=\"wp-image-5377\" srcset=\"https:\/\/www.laurentpernot.net\/eng\/wp-content\/uploads\/2023\/03\/Paysage-A4-paysage-JPG.jpg 800w, https:\/\/www.laurentpernot.net\/eng\/wp-content\/uploads\/2023\/03\/Paysage-A4-paysage-JPG-283x200.jpg 283w, https:\/\/www.laurentpernot.net\/eng\/wp-content\/uploads\/2023\/03\/Paysage-A4-paysage-JPG-768x543.jpg 768w\" sizes=\"auto, (max-width: 800px) 100vw, 800px\" \/><\/figure>\n\n\n\n<p><strong>PAYSAGE<\/strong><br>LOUVRE LENS<br>From March 29 to July 24, 2023 | Public opening on March 28 at 7pm<br>Artistic direction and scenography of the exhibition by Laurent Pernot<br>Curated by Marie Lavandier, director of the Louvre-Lens; Vincent Pomar\u00e8de, special advisor to the president-director of the Louvre; Marie Gord, regional curator at the Louvre-Lens<\/p>\n\n\n\n<figure class=\"wp-block-image size-full\"><img loading=\"lazy\" decoding=\"async\" width=\"1000\" height=\"605\" src=\"http:\/\/www.laurentpernot.net\/eng\/wp-content\/uploads\/2023\/04\/Exposition-Paysage-8-Louvre-Lens-F.jpg\" alt=\"\" class=\"wp-image-5418\" srcset=\"https:\/\/www.laurentpernot.net\/eng\/wp-content\/uploads\/2023\/04\/Exposition-Paysage-8-Louvre-Lens-F.jpg 1000w, https:\/\/www.laurentpernot.net\/eng\/wp-content\/uploads\/2023\/04\/Exposition-Paysage-8-Louvre-Lens-F-300x182.jpg 300w, https:\/\/www.laurentpernot.net\/eng\/wp-content\/uploads\/2023\/04\/Exposition-Paysage-8-Louvre-Lens-F-768x465.jpg 768w\" sizes=\"auto, (max-width: 1000px) 100vw, 1000px\" \/><\/figure>\n\n\n\n<hr class=\"wp-block-separator has-alpha-channel-opacity\"\/>\n\n\n\n<figure class=\"wp-block-image size-full\"><img loading=\"lazy\" decoding=\"async\" width=\"800\" height=\"466\" src=\"https:\/\/www.laurentpernot.net\/eng\/wp-content\/uploads\/2023\/03\/laurentpernot_je-me-souviens_HD_01website_800px.jpg\" alt=\"\" class=\"wp-image-5399\" srcset=\"https:\/\/www.laurentpernot.net\/eng\/wp-content\/uploads\/2023\/03\/laurentpernot_je-me-souviens_HD_01website_800px.jpg 800w, https:\/\/www.laurentpernot.net\/eng\/wp-content\/uploads\/2023\/03\/laurentpernot_je-me-souviens_HD_01website_800px-300x175.jpg 300w, https:\/\/www.laurentpernot.net\/eng\/wp-content\/uploads\/2023\/03\/laurentpernot_je-me-souviens_HD_01website_800px-768x447.jpg 768w\" sizes=\"auto, (max-width: 800px) 100vw, 800px\" \/><\/figure>\n\n\n\n<p><strong>MONDES NOUVEAUX<\/strong> &#8211; Domaine National de Saint-Cloud<br>Official opening on Monday, March 6 at 4:00 pm<br>Public commission, as part of the Mondes Nouveaux program, the Centre des Monuments Nationaux presents the work <em><strong>Je me souviens<\/strong><\/em> by Laurent Pernot in the Horseshoe Basin until September 30, 2023<\/p>\n\n\n\n<hr class=\"wp-block-separator has-alpha-channel-opacity\"\/>\n\n\n\n<figure class=\"wp-block-image size-large is-resized\"><img loading=\"lazy\" decoding=\"async\" width=\"1024\" height=\"768\" src=\"https:\/\/www.laurentpernot.net\/eng\/wp-content\/uploads\/2023\/04\/laurentpernot_KISS_chateau-rivau-2023-1024x768.jpg\" alt=\"\" class=\"wp-image-5402\" srcset=\"https:\/\/www.laurentpernot.net\/eng\/wp-content\/uploads\/2023\/04\/laurentpernot_KISS_chateau-rivau-2023-1024x768.jpg 1024w, https:\/\/www.laurentpernot.net\/eng\/wp-content\/uploads\/2023\/04\/laurentpernot_KISS_chateau-rivau-2023-267x200.jpg 267w, https:\/\/www.laurentpernot.net\/eng\/wp-content\/uploads\/2023\/04\/laurentpernot_KISS_chateau-rivau-2023-768x576.jpg 768w, https:\/\/www.laurentpernot.net\/eng\/wp-content\/uploads\/2023\/04\/laurentpernot_KISS_chateau-rivau-2023.jpg 1200w\" sizes=\"auto, (max-width: 1024px) 100vw, 1024px\" \/><figcaption class=\"wp-element-caption\">KISS became part of the permanent collection<\/figcaption><\/figure>\n\n\n\n<p><strong>ENCHANTING THE EARTH<\/strong><br>Ch\u00e2teau du Rivau, L\u00e9mer\u00e9<br>Group exhibition from April 1 to November 12, 2023<br>With Calder, Max Ernst, Erik Dietman, Giuseppe Penone, Lothar Baumgarten, Thomas Houseago, John Isaacs, Gilbert &amp; George, Patrick Van Caeckenberg, Pierre et Gilles, Bianca Biondi, Nicolas Darrot, Lionel Est\u00e8ve, Rachel Labastie, Fabien Merelle, Gloria Friedmann, Julien des Montiers, Frank Scurti, Mimiko T\u00fcrkkan, Christine Viennet. etc.<\/p>\n\n\n\n<hr class=\"wp-block-separator has-alpha-channel-opacity\"\/>\n\n\n\n<p><strong>SCULPTURE ON THE ISLAND<\/strong> &#8211; <strong>RETURN TO THE SOURCES<\/strong><br>Group exhibition from June 1 to October 1, 2023<br>With Sara Favriau, Louis Guillaume, Eric Samakh, Laurent Tixador, Tatiana Wolska, etc.<br>Specific production<br>Curated by COAL<\/p>\n\n\n\n<figure class=\"wp-block-image size-large\"><img loading=\"lazy\" decoding=\"async\" width=\"1024\" height=\"768\" src=\"http:\/\/www.laurentpernot.net\/eng\/wp-content\/uploads\/2023\/05\/laurentpernot_2023_enlace-moi_03web-1024x768.jpg\" alt=\"\" class=\"wp-image-5482\" srcset=\"https:\/\/www.laurentpernot.net\/eng\/wp-content\/uploads\/2023\/05\/laurentpernot_2023_enlace-moi_03web-1024x768.jpg 1024w, https:\/\/www.laurentpernot.net\/eng\/wp-content\/uploads\/2023\/05\/laurentpernot_2023_enlace-moi_03web-267x200.jpg 267w, https:\/\/www.laurentpernot.net\/eng\/wp-content\/uploads\/2023\/05\/laurentpernot_2023_enlace-moi_03web-768x576.jpg 768w, https:\/\/www.laurentpernot.net\/eng\/wp-content\/uploads\/2023\/05\/laurentpernot_2023_enlace-moi_03web.jpg 1200w\" sizes=\"auto, (max-width: 1024px) 100vw, 1024px\" \/><\/figure>\n\n\n\n<hr class=\"wp-block-separator has-alpha-channel-opacity\"\/>\n\n\n\n<p><strong>EXPERIENCE POMMERY | FOREVER<\/strong><br>Group exhibition from April 15, 2023 to February 15, 2024<br>Specific production<br>Curated by Fabrice BOUSTEAU<\/p>\n\n\n\n<figure class=\"wp-block-image size-full\"><img loading=\"lazy\" decoding=\"async\" width=\"1000\" height=\"750\" src=\"https:\/\/www.laurentpernot.net\/eng\/wp-content\/uploads\/2023\/05\/laurentpernot_2023_le-dejeuner_05web.jpg\" alt=\"\" class=\"wp-image-5496\" srcset=\"https:\/\/www.laurentpernot.net\/eng\/wp-content\/uploads\/2023\/05\/laurentpernot_2023_le-dejeuner_05web.jpg 1000w, https:\/\/www.laurentpernot.net\/eng\/wp-content\/uploads\/2023\/05\/laurentpernot_2023_le-dejeuner_05web-267x200.jpg 267w, https:\/\/www.laurentpernot.net\/eng\/wp-content\/uploads\/2023\/05\/laurentpernot_2023_le-dejeuner_05web-768x576.jpg 768w\" sizes=\"auto, (max-width: 1000px) 100vw, 1000px\" \/><\/figure>\n\n\n\n<hr class=\"wp-block-separator has-alpha-channel-opacity\"\/>\n\n\n\n<p><strong>MOVEMENT &amp; LIGHT<\/strong><br>VILLA DATRIS Foundation, L&#8217;Isle-sur-la-Sorgue<br>Group exhibition from May 19 to November 1, 2023<br>With Andrea Bowers, Angela Bulloch, Pol Bury, Alexander Calder, Elias Crespin, Philippe Decrauzat, Olafur Eliasson, Dan Flavin, Liam Gillick, Jeppe Hein, Carsten H\u00f6ller, Jenny Holzer, Ann Veronica Janssens, Anish Kapoor, Emmanuel Lagarrigue, Guillaume Leblon, Julio Le Parc, Fran\u00e7ois Morellet, Iv\u00e1n Navarro, Jean-Michel Othoniel, Philippe Parreno, Keith Sonnier, Takis, Jean Tinguely, James Turrell, Gregorio Vardanega, Victor Vasarely, Xavier Veilhan, Peter Vogel, Haegue Yang, etc.<\/p>\n\n\n\n<figure class=\"wp-block-image size-full\"><img loading=\"lazy\" decoding=\"async\" width=\"2560\" height=\"1920\" src=\"https:\/\/www.laurentpernot.net\/eng\/wp-content\/uploads\/2023\/05\/laurentpernot_2023_villadatris_neon-edited-scaled.jpg\" alt=\"\" class=\"wp-image-5499\" srcset=\"https:\/\/www.laurentpernot.net\/eng\/wp-content\/uploads\/2023\/05\/laurentpernot_2023_villadatris_neon-edited-scaled.jpg 2560w, https:\/\/www.laurentpernot.net\/eng\/wp-content\/uploads\/2023\/05\/laurentpernot_2023_villadatris_neon-edited-267x200.jpg 267w, https:\/\/www.laurentpernot.net\/eng\/wp-content\/uploads\/2023\/05\/laurentpernot_2023_villadatris_neon-edited-1024x768.jpg 1024w, https:\/\/www.laurentpernot.net\/eng\/wp-content\/uploads\/2023\/05\/laurentpernot_2023_villadatris_neon-edited-768x576.jpg 768w, https:\/\/www.laurentpernot.net\/eng\/wp-content\/uploads\/2023\/05\/laurentpernot_2023_villadatris_neon-edited-1536x1152.jpg 1536w, https:\/\/www.laurentpernot.net\/eng\/wp-content\/uploads\/2023\/05\/laurentpernot_2023_villadatris_neon-edited-2048x1536.jpg 2048w\" sizes=\"auto, (max-width: 2560px) 100vw, 2560px\" \/><\/figure>\n\n\n\n<hr class=\"wp-block-separator has-alpha-channel-opacity\"\/>\n\n\n\n<p><strong>SAINT LAURENT RIVE DROITE Paris &amp; Los Angeles<\/strong><br>Exhibition from December 13, 2022 to January 12, 2023<br>213 rue du Saint Honor\u00e9, Paris<br>469 Rodeo Drive, Los Angeles<\/p>\n\n\n\n<figure class=\"wp-block-image size-large is-resized\"><a href=\"https:\/\/www.ysl.com\/fr-fr\/calendar\/name\/rd-event-laurent-pernot.html\" target=\"_blank\" rel=\"noreferrer noopener\"><img loading=\"lazy\" decoding=\"async\" width=\"764\" height=\"1024\" src=\"https:\/\/www.laurentpernot.net\/eng\/wp-content\/uploads\/2023\/01\/IMG-20221222-WA0000-764x1024.jpg\" alt=\"\" class=\"wp-image-5364\" style=\"width:382px;height:512px\" srcset=\"https:\/\/www.laurentpernot.net\/eng\/wp-content\/uploads\/2023\/01\/IMG-20221222-WA0000-764x1024.jpg 764w, https:\/\/www.laurentpernot.net\/eng\/wp-content\/uploads\/2023\/01\/IMG-20221222-WA0000-149x200.jpg 149w, https:\/\/www.laurentpernot.net\/eng\/wp-content\/uploads\/2023\/01\/IMG-20221222-WA0000-768x1030.jpg 768w, https:\/\/www.laurentpernot.net\/eng\/wp-content\/uploads\/2023\/01\/IMG-20221222-WA0000-1145x1536.jpg 1145w, https:\/\/www.laurentpernot.net\/eng\/wp-content\/uploads\/2023\/01\/IMG-20221222-WA0000.jpg 1193w\" sizes=\"auto, (max-width: 764px) 100vw, 764px\" \/><\/a><\/figure>\n\n\n\n<hr class=\"wp-block-separator has-css-opacity\"\/>\n\n\n\n<p><strong>LE TEMPS DE LA GR\u00c2CE<\/strong>, article by Arthur Dreyfus<br>In ART PASSIONS, number 71<\/p>\n\n\n\n<figure class=\"wp-block-image size-large is-resized\"><img loading=\"lazy\" decoding=\"async\" width=\"1024\" height=\"247\" src=\"https:\/\/www.laurentpernot.net\/eng\/wp-content\/uploads\/2022\/12\/2022_12_AP71-COUV_web-1024x247.jpg\" alt=\"\" class=\"wp-image-5352\" style=\"width:512px;height:124px\" srcset=\"https:\/\/www.laurentpernot.net\/eng\/wp-content\/uploads\/2022\/12\/2022_12_AP71-COUV_web-1024x247.jpg 1024w, https:\/\/www.laurentpernot.net\/eng\/wp-content\/uploads\/2022\/12\/2022_12_AP71-COUV_web-300x73.jpg 300w, https:\/\/www.laurentpernot.net\/eng\/wp-content\/uploads\/2022\/12\/2022_12_AP71-COUV_web-768x186.jpg 768w, https:\/\/www.laurentpernot.net\/eng\/wp-content\/uploads\/2022\/12\/2022_12_AP71-COUV_web.jpg 1200w\" sizes=\"auto, (max-width: 1024px) 100vw, 1024px\" \/><\/figure>\n\n\n\n<figure class=\"wp-block-image size-full is-resized\"><img loading=\"lazy\" decoding=\"async\" width=\"1200\" height=\"1591\" src=\"https:\/\/www.laurentpernot.net\/eng\/wp-content\/uploads\/2022\/12\/2022_12_AP71-32_web.jpg\" alt=\"\" class=\"wp-image-5353\" style=\"width:600px;height:796px\" srcset=\"https:\/\/www.laurentpernot.net\/eng\/wp-content\/uploads\/2022\/12\/2022_12_AP71-32_web.jpg 1200w, https:\/\/www.laurentpernot.net\/eng\/wp-content\/uploads\/2022\/12\/2022_12_AP71-32_web-151x200.jpg 151w, https:\/\/www.laurentpernot.net\/eng\/wp-content\/uploads\/2022\/12\/2022_12_AP71-32_web-772x1024.jpg 772w, https:\/\/www.laurentpernot.net\/eng\/wp-content\/uploads\/2022\/12\/2022_12_AP71-32_web-768x1018.jpg 768w, https:\/\/www.laurentpernot.net\/eng\/wp-content\/uploads\/2022\/12\/2022_12_AP71-32_web-1159x1536.jpg 1159w\" sizes=\"auto, (max-width: 1200px) 100vw, 1200px\" \/><\/figure>\n\n\n\n<figure class=\"wp-block-image size-full is-resized\"><img loading=\"lazy\" decoding=\"async\" width=\"1200\" height=\"1358\" src=\"https:\/\/www.laurentpernot.net\/eng\/wp-content\/uploads\/2022\/12\/2022_12_AP71-33_web.jpg\" alt=\"\" class=\"wp-image-5354\" style=\"width:600px;height:679px\" srcset=\"https:\/\/www.laurentpernot.net\/eng\/wp-content\/uploads\/2022\/12\/2022_12_AP71-33_web.jpg 1200w, https:\/\/www.laurentpernot.net\/eng\/wp-content\/uploads\/2022\/12\/2022_12_AP71-33_web-177x200.jpg 177w, https:\/\/www.laurentpernot.net\/eng\/wp-content\/uploads\/2022\/12\/2022_12_AP71-33_web-905x1024.jpg 905w, https:\/\/www.laurentpernot.net\/eng\/wp-content\/uploads\/2022\/12\/2022_12_AP71-33_web-768x869.jpg 768w\" sizes=\"auto, (max-width: 1200px) 100vw, 1200px\" \/><\/figure>\n\n\n\n<figure class=\"wp-block-image size-full is-resized\"><img loading=\"lazy\" decoding=\"async\" width=\"1200\" height=\"1218\" src=\"https:\/\/www.laurentpernot.net\/eng\/wp-content\/uploads\/2022\/12\/2022_12_AP71-34_web.jpg\" alt=\"\" class=\"wp-image-5355\" style=\"width:600px;height:609px\" srcset=\"https:\/\/www.laurentpernot.net\/eng\/wp-content\/uploads\/2022\/12\/2022_12_AP71-34_web.jpg 1200w, https:\/\/www.laurentpernot.net\/eng\/wp-content\/uploads\/2022\/12\/2022_12_AP71-34_web-197x200.jpg 197w, https:\/\/www.laurentpernot.net\/eng\/wp-content\/uploads\/2022\/12\/2022_12_AP71-34_web-1009x1024.jpg 1009w, https:\/\/www.laurentpernot.net\/eng\/wp-content\/uploads\/2022\/12\/2022_12_AP71-34_web-768x780.jpg 768w\" sizes=\"auto, (max-width: 1200px) 100vw, 1200px\" \/><\/figure>\n\n\n\n<figure class=\"wp-block-image size-full is-resized\"><img loading=\"lazy\" decoding=\"async\" width=\"1200\" height=\"1591\" src=\"https:\/\/www.laurentpernot.net\/eng\/wp-content\/uploads\/2022\/12\/2022_12_AP71-35_web.jpg\" alt=\"\" class=\"wp-image-5356\" style=\"width:600px;height:796px\" srcset=\"https:\/\/www.laurentpernot.net\/eng\/wp-content\/uploads\/2022\/12\/2022_12_AP71-35_web.jpg 1200w, https:\/\/www.laurentpernot.net\/eng\/wp-content\/uploads\/2022\/12\/2022_12_AP71-35_web-151x200.jpg 151w, https:\/\/www.laurentpernot.net\/eng\/wp-content\/uploads\/2022\/12\/2022_12_AP71-35_web-772x1024.jpg 772w, https:\/\/www.laurentpernot.net\/eng\/wp-content\/uploads\/2022\/12\/2022_12_AP71-35_web-768x1018.jpg 768w, https:\/\/www.laurentpernot.net\/eng\/wp-content\/uploads\/2022\/12\/2022_12_AP71-35_web-1159x1536.jpg 1159w\" sizes=\"auto, (max-width: 1200px) 100vw, 1200px\" \/><\/figure>\n\n\n\n<hr class=\"wp-block-separator has-css-opacity\"\/>\n\n\n\n<p><strong>SUSPENDED TIME<\/strong><br>From December 16, 2022 to March 20, 2023<br>Annecy Museum-Castle<br>With Adolphe Braun, Paul Cabaud, Victor de Gaudemaris, Luigi Ghirri, V\u00e9ronique Hubert, Gabriel Lopp\u00e9, Paul Mysse, Walter Niedermayr, Gina Pane, Eric Poitevin, Christian Poncet, Georges Tairraz, Henri Camer\u00e9, etc.<\/p>\n\n\n\n<p><\/p>\n\n\n\n<hr class=\"wp-block-separator has-css-opacity\"\/>\n\n\n\n<figure class=\"wp-block-image size-full is-resized\"><img loading=\"lazy\" decoding=\"async\" width=\"1000\" height=\"1000\" src=\"https:\/\/www.laurentpernot.net\/eng\/wp-content\/uploads\/2022\/10\/Logo_PrivateChoice2022_Parisdatessignaturesite_bc-pantone.jpg\" alt=\"\" class=\"wp-image-5301\" style=\"width:400px;height:400px\" srcset=\"https:\/\/www.laurentpernot.net\/eng\/wp-content\/uploads\/2022\/10\/Logo_PrivateChoice2022_Parisdatessignaturesite_bc-pantone.jpg 1000w, https:\/\/www.laurentpernot.net\/eng\/wp-content\/uploads\/2022\/10\/Logo_PrivateChoice2022_Parisdatessignaturesite_bc-pantone-200x200.jpg 200w, https:\/\/www.laurentpernot.net\/eng\/wp-content\/uploads\/2022\/10\/Logo_PrivateChoice2022_Parisdatessignaturesite_bc-pantone-150x150.jpg 150w, https:\/\/www.laurentpernot.net\/eng\/wp-content\/uploads\/2022\/10\/Logo_PrivateChoice2022_Parisdatessignaturesite_bc-pantone-768x768.jpg 768w\" sizes=\"auto, (max-width: 1000px) 100vw, 1000px\" \/><\/figure>\n\n\n\n<p style=\"font-size:14px\">From October 16 to 23, from 12am to 8 pm, at 7 avenue Franklin D. Roosevelt, Paris 8th<br>Under the direction of Nadia Candet<\/p>\n\n\n\n<p style=\"font-size:14px\">It is under the theme of &#8220;Lifelines&#8221; that Private Choice celebrates its 11th edition.<br>A unique moment in the intimate setting of a historical place that offers the possibility to choose and acquire art and design works from more than 40 creators from all over the world.<\/p>\n\n\n\n<hr class=\"wp-block-separator has-css-opacity\"\/>\n\n\n\n<p style=\"font-size:18px\"><strong>WE ARE MISERABLE, BUT LOVE, SUDDENLY, SAVES US<\/strong><br>Solo exhibition<br>From September 10 to October 8, 2022<br>Marguo Gallery, Paris<\/p>\n\n\n\n<figure class=\"wp-block-image size-full\"><img loading=\"lazy\" decoding=\"async\" width=\"1000\" height=\"667\" src=\"http:\/\/www.laurentpernot.net\/eng\/wp-content\/uploads\/2022\/10\/Laurent-Pernot-install-009.jpg\" alt=\"\" class=\"wp-image-5306\" srcset=\"https:\/\/www.laurentpernot.net\/eng\/wp-content\/uploads\/2022\/10\/Laurent-Pernot-install-009.jpg 1000w, https:\/\/www.laurentpernot.net\/eng\/wp-content\/uploads\/2022\/10\/Laurent-Pernot-install-009-300x200.jpg 300w, https:\/\/www.laurentpernot.net\/eng\/wp-content\/uploads\/2022\/10\/Laurent-Pernot-install-009-768x512.jpg 768w, https:\/\/www.laurentpernot.net\/eng\/wp-content\/uploads\/2022\/10\/Laurent-Pernot-install-009-295x197.jpg 295w, https:\/\/www.laurentpernot.net\/eng\/wp-content\/uploads\/2022\/10\/Laurent-Pernot-install-009-379x254.jpg 379w\" sizes=\"auto, (max-width: 1000px) 100vw, 1000px\" \/><\/figure>\n\n\n\n<p style=\"font-size:14px\">Galerie Marguo is very pleased to present <em>We are miserable, but love, suddenly, saves us<\/em>, an exhibition of new paintings and text-based works by Laurent Pernot, on view from 10 September &#8211; 8 October 2022.<br>The Romantic poets sought to articulate the monumentality of nature and historical time through the subjectivities of the individual, experienced via minute impressions and emotions that shape the human condition and our experience of this world. Pernot\u2019s work echoes the Romantic impulse to synthesize the ordinary and sublime through lyricism and metaphor.<\/p>\n\n\n\n<figure class=\"wp-block-gallery has-nested-images columns-default is-cropped wp-block-gallery-3 is-layout-flex wp-block-gallery-is-layout-flex\">\n<figure class=\"wp-block-image size-large\"><img loading=\"lazy\" decoding=\"async\" width=\"1000\" height=\"1000\" data-id=\"5296\" src=\"https:\/\/www.laurentpernot.net\/eng\/wp-content\/uploads\/2022\/09\/galeriemarguo-laurent-pernot-we-are-miserable-but-love-suddenly-saves-us-2022-insta.jpg\" alt=\"\" class=\"wp-image-5296\" srcset=\"https:\/\/www.laurentpernot.net\/eng\/wp-content\/uploads\/2022\/09\/galeriemarguo-laurent-pernot-we-are-miserable-but-love-suddenly-saves-us-2022-insta.jpg 1000w, https:\/\/www.laurentpernot.net\/eng\/wp-content\/uploads\/2022\/09\/galeriemarguo-laurent-pernot-we-are-miserable-but-love-suddenly-saves-us-2022-insta-200x200.jpg 200w, https:\/\/www.laurentpernot.net\/eng\/wp-content\/uploads\/2022\/09\/galeriemarguo-laurent-pernot-we-are-miserable-but-love-suddenly-saves-us-2022-insta-150x150.jpg 150w, https:\/\/www.laurentpernot.net\/eng\/wp-content\/uploads\/2022\/09\/galeriemarguo-laurent-pernot-we-are-miserable-but-love-suddenly-saves-us-2022-insta-768x768.jpg 768w\" sizes=\"auto, (max-width: 1000px) 100vw, 1000px\" \/><\/figure>\n\n\n\n<figure class=\"wp-block-image size-full\"><img loading=\"lazy\" decoding=\"async\" width=\"1000\" height=\"1000\" data-id=\"5328\" src=\"http:\/\/www.laurentpernot.net\/eng\/wp-content\/uploads\/2022\/10\/Laurent-Pernot-install-047_rf.jpg\" alt=\"\" class=\"wp-image-5328\" srcset=\"https:\/\/www.laurentpernot.net\/eng\/wp-content\/uploads\/2022\/10\/Laurent-Pernot-install-047_rf.jpg 1000w, https:\/\/www.laurentpernot.net\/eng\/wp-content\/uploads\/2022\/10\/Laurent-Pernot-install-047_rf-200x200.jpg 200w, https:\/\/www.laurentpernot.net\/eng\/wp-content\/uploads\/2022\/10\/Laurent-Pernot-install-047_rf-150x150.jpg 150w, https:\/\/www.laurentpernot.net\/eng\/wp-content\/uploads\/2022\/10\/Laurent-Pernot-install-047_rf-768x768.jpg 768w\" sizes=\"auto, (max-width: 1000px) 100vw, 1000px\" \/><\/figure>\n<\/figure>\n\n\n\n<hr class=\"wp-block-separator has-alpha-channel-opacity\"\/>\n\n\n\n<p style=\"font-size:18px\"><strong>LIFETIME<\/strong><br>Solo exhibition<br>From June 11th 2022 to January 1st 2023<br>Ch\u00e2teau Malrom\u00e9 33490 Saint-Andr\u00e9-du-Bois<\/p>\n\n\n\n<figure class=\"wp-block-image size-full\"><img loading=\"lazy\" decoding=\"async\" width=\"900\" height=\"571\" src=\"https:\/\/www.laurentpernot.net\/eng\/wp-content\/uploads\/2022\/06\/laurentpernot_malrome_forever_01.jpg\" alt=\"\" class=\"wp-image-5203\" srcset=\"https:\/\/www.laurentpernot.net\/eng\/wp-content\/uploads\/2022\/06\/laurentpernot_malrome_forever_01.jpg 900w, https:\/\/www.laurentpernot.net\/eng\/wp-content\/uploads\/2022\/06\/laurentpernot_malrome_forever_01-300x190.jpg 300w, https:\/\/www.laurentpernot.net\/eng\/wp-content\/uploads\/2022\/06\/laurentpernot_malrome_forever_01-768x487.jpg 768w\" sizes=\"auto, (max-width: 900px) 100vw, 900px\" \/><\/figure>\n\n\n\n<figure class=\"wp-block-gallery has-nested-images columns-default is-cropped wp-block-gallery-4 is-layout-flex wp-block-gallery-is-layout-flex\">\n<figure class=\"wp-block-image size-large\"><img loading=\"lazy\" decoding=\"async\" width=\"1000\" height=\"1000\" data-id=\"5206\" src=\"https:\/\/www.laurentpernot.net\/eng\/wp-content\/uploads\/2022\/06\/laurentpernot_malrome_Kiss_03.jpg\" alt=\"\" class=\"wp-image-5206\" srcset=\"https:\/\/www.laurentpernot.net\/eng\/wp-content\/uploads\/2022\/06\/laurentpernot_malrome_Kiss_03.jpg 1000w, https:\/\/www.laurentpernot.net\/eng\/wp-content\/uploads\/2022\/06\/laurentpernot_malrome_Kiss_03-200x200.jpg 200w, https:\/\/www.laurentpernot.net\/eng\/wp-content\/uploads\/2022\/06\/laurentpernot_malrome_Kiss_03-150x150.jpg 150w, https:\/\/www.laurentpernot.net\/eng\/wp-content\/uploads\/2022\/06\/laurentpernot_malrome_Kiss_03-768x768.jpg 768w\" sizes=\"auto, (max-width: 1000px) 100vw, 1000px\" \/><\/figure>\n\n\n\n<figure class=\"wp-block-image size-full\"><img loading=\"lazy\" decoding=\"async\" width=\"900\" height=\"900\" data-id=\"5302\" src=\"https:\/\/www.laurentpernot.net\/eng\/wp-content\/uploads\/2022\/10\/laurentpernot_malrome_vue-exposition_20.jpg\" alt=\"\" class=\"wp-image-5302\" srcset=\"https:\/\/www.laurentpernot.net\/eng\/wp-content\/uploads\/2022\/10\/laurentpernot_malrome_vue-exposition_20.jpg 900w, https:\/\/www.laurentpernot.net\/eng\/wp-content\/uploads\/2022\/10\/laurentpernot_malrome_vue-exposition_20-200x200.jpg 200w, https:\/\/www.laurentpernot.net\/eng\/wp-content\/uploads\/2022\/10\/laurentpernot_malrome_vue-exposition_20-150x150.jpg 150w, https:\/\/www.laurentpernot.net\/eng\/wp-content\/uploads\/2022\/10\/laurentpernot_malrome_vue-exposition_20-768x768.jpg 768w\" sizes=\"auto, (max-width: 900px) 100vw, 900px\" \/><\/figure>\n<\/figure>\n\n\n\n<hr class=\"wp-block-separator has-css-opacity\"\/>\n\n\n\n<figure class=\"wp-block-image size-large\"><img loading=\"lazy\" decoding=\"async\" width=\"1024\" height=\"220\" src=\"https:\/\/www.laurentpernot.net\/eng\/wp-content\/uploads\/2022\/10\/laurentpernot_ekphrasis-1024x220.jpg\" alt=\"\" class=\"wp-image-5303\" srcset=\"https:\/\/www.laurentpernot.net\/eng\/wp-content\/uploads\/2022\/10\/laurentpernot_ekphrasis-1024x220.jpg 1024w, https:\/\/www.laurentpernot.net\/eng\/wp-content\/uploads\/2022\/10\/laurentpernot_ekphrasis-300x65.jpg 300w, https:\/\/www.laurentpernot.net\/eng\/wp-content\/uploads\/2022\/10\/laurentpernot_ekphrasis-768x165.jpg 768w, https:\/\/www.laurentpernot.net\/eng\/wp-content\/uploads\/2022\/10\/laurentpernot_ekphrasis.jpg 1200w\" sizes=\"auto, (max-width: 1024px) 100vw, 1024px\" \/><\/figure>\n\n\n\n<p style=\"font-size:18px\"><strong>DUO LAUREATES<\/strong><br>Laurent PERNOT\/ Aur\u00e9lie BARNIER<\/p>\n\n\n\n<p style=\"font-size:14px\">From the meeting of these duos will be born critical texts that will be published in &#8220;Le Quotidien de l&#8217;Art&#8221; through a monthly column throughout the year 2023.<\/p>\n\n\n\n<hr class=\"wp-block-separator has-alpha-channel-opacity\"\/>\n\n\n\n<p style=\"font-size:18px\"><strong>UN MUS\u00c9E A SOI<\/strong><br>MRAC S\u00e9rignan | Mus\u00e9e R\u00e9gional d\u2019Art Contemporain<br>From October 15, 2022, to march 19, 2023<\/p>\n\n\n\n<p style=\"font-size:14px\">Curated by : Elisabeth Camilleri, Dominique Cros, Sonia Debeur\u00e9-Provost, Maxime Husson, Matthieu Supernant, Nathalie Tersier and Nicole Vidal<br>Under the artistic direction of Mathilde Monnier<br>Scenography : Dominique Figarella<br><br>This is an unusual approach for a museum: entrusting a choreographer and a group of patients from the B\u00e9ziers day hospital, the Art. 27 group, with the task of imagining an exhibition based on the museum&#8217;s collections. The relevance lies in the challenge of assigning artistic responsibility to a group of enlightened amateurs, but also to a group of people who are often invisible in society. This project answers the question: how to invent and live an intimate, personal and perhaps secret link with exposed works, how to expose oneself while exposing. Mathilde Monnier<br><br>With Farah ATASSI, Per BARCLAY, Ne\u00efl BELOUFA, Nadia BENBOUTA, Karina BISCH, Io BURGARD, Armelle CARON, El\u00e9onore FALSE, Julien GARNIER, Ann Veronica JANSSENS, St\u00e9phane MAGNIN, Olivier MOSSET, St\u00e9phane PENCR\u00c9AC\u2019H, Laurent PERNOT, Maxime ROSSI, Ch\u00e9ri SAMBA, G\u00e9rard TRAQUANDI, Francisco TROPA, Rapha\u00ebl ZARKA, TURSIC Ida &amp; MILLE Wilfried, JUGNET+CLAIRET, Cindy COUTANT<br><\/p>\n\n\n\n<hr class=\"wp-block-separator has-alpha-channel-opacity\"\/>\n\n\n\n<p style=\"font-size:14px\"><strong>L&#8217;ETERNITE DEVANT SOI<\/strong><br>The first sculpture installed as part of the MONDES NOUVEAUX program was inaugurated on April 30, 2022 in the presence of Philippe B\u00e9laval, President of the CMN, Edward de Lumley, Director of Cultural Development, Bernard Blist\u00e8ne, President of the Artistic Committee, and Bernard Le Magoarou, Administrator of the archaeological site of Glanum. It will be visible until the end of 2022.<br>Archaeological site of Glanum 13210 Saint-R\u00e9my-de-Provence<\/p>\n\n\n\n<figure class=\"wp-block-gallery has-nested-images columns-default is-cropped wp-block-gallery-5 is-layout-flex wp-block-gallery-is-layout-flex\">\n<figure class=\"wp-block-image size-large\"><img loading=\"lazy\" decoding=\"async\" width=\"900\" height=\"437\" data-id=\"5207\" src=\"https:\/\/www.laurentpernot.net\/eng\/wp-content\/uploads\/2022\/06\/laurentpernot_glanum2.jpg\" alt=\"\" class=\"wp-image-5207\" srcset=\"https:\/\/www.laurentpernot.net\/eng\/wp-content\/uploads\/2022\/06\/laurentpernot_glanum2.jpg 900w, https:\/\/www.laurentpernot.net\/eng\/wp-content\/uploads\/2022\/06\/laurentpernot_glanum2-300x146.jpg 300w, https:\/\/www.laurentpernot.net\/eng\/wp-content\/uploads\/2022\/06\/laurentpernot_glanum2-768x373.jpg 768w\" sizes=\"auto, (max-width: 900px) 100vw, 900px\" \/><\/figure>\n<\/figure>\n\n\n\n<hr class=\"wp-block-separator has-css-opacity\"\/>\n\n\n\n<p style=\"font-size:18px\"><strong>THE BIG TOUR<\/strong><br>MANDET MUSEUM, RIOM<br>Group exhibition<br>July 1, 2022 &#8211; January 8, 2023<\/p>\n\n\n\n<p style=\"font-size:14px\">Curated by Mathias Courtet<br>With Ronan Bouroullec, Damien Cadio, Olafur Eliasson, Charles Fr\u00e9ger, Matthieu Gicquel, Constance Guisset, Alice Guittard, Arthur Hoffner, Guillaume Sardin, Ettore Sottsass, Cyril Zarcone, etc.<\/p>\n\n\n\n<hr class=\"wp-block-separator has-css-opacity\"\/>\n\n\n\n<p><strong>THE NEW YORK TIMES MAGAZINE, 5 May 2022<\/strong><\/p>\n\n\n\n<figure class=\"wp-block-image size-full is-resized\"><img loading=\"lazy\" decoding=\"async\" width=\"800\" height=\"779\" src=\"https:\/\/www.laurentpernot.net\/eng\/wp-content\/uploads\/2022\/06\/2022_05_The-New-York-Times-1.jpg\" alt=\"\" class=\"wp-image-5208\" style=\"width:509px;height:496px\" srcset=\"https:\/\/www.laurentpernot.net\/eng\/wp-content\/uploads\/2022\/06\/2022_05_The-New-York-Times-1.jpg 800w, https:\/\/www.laurentpernot.net\/eng\/wp-content\/uploads\/2022\/06\/2022_05_The-New-York-Times-1-205x200.jpg 205w, https:\/\/www.laurentpernot.net\/eng\/wp-content\/uploads\/2022\/06\/2022_05_The-New-York-Times-1-768x748.jpg 768w\" sizes=\"auto, (max-width: 800px) 100vw, 800px\" \/><\/figure>\n\n\n\n<hr class=\"wp-block-separator has-css-opacity\"\/>\n\n\n\n<p><strong>LIBERATION, April 24, 2022<\/strong><\/p>\n\n\n\n<figure class=\"wp-block-image size-large is-resized\"><img loading=\"lazy\" decoding=\"async\" width=\"745\" height=\"1024\" src=\"https:\/\/www.laurentpernot.net\/eng\/wp-content\/uploads\/2022\/06\/2022_LIBERATION_Vanessa-Wagner-745x1024.jpg\" alt=\"\" class=\"wp-image-5209\" style=\"width:477px;height:655px\" srcset=\"https:\/\/www.laurentpernot.net\/eng\/wp-content\/uploads\/2022\/06\/2022_LIBERATION_Vanessa-Wagner-745x1024.jpg 745w, https:\/\/www.laurentpernot.net\/eng\/wp-content\/uploads\/2022\/06\/2022_LIBERATION_Vanessa-Wagner-146x200.jpg 146w, https:\/\/www.laurentpernot.net\/eng\/wp-content\/uploads\/2022\/06\/2022_LIBERATION_Vanessa-Wagner-768x1055.jpg 768w, https:\/\/www.laurentpernot.net\/eng\/wp-content\/uploads\/2022\/06\/2022_LIBERATION_Vanessa-Wagner.jpg 800w\" sizes=\"auto, (max-width: 745px) 100vw, 745px\" \/><\/figure>\n\n\n\n<hr class=\"wp-block-separator has-css-opacity\"\/>\n\n\n\n<figure class=\"wp-block-gallery has-nested-images columns-default is-cropped wp-block-gallery-6 is-layout-flex wp-block-gallery-is-layout-flex\">\n<figure class=\"wp-block-image size-large\"><img loading=\"lazy\" decoding=\"async\" width=\"1024\" height=\"768\" data-id=\"5179\" src=\"https:\/\/www.laurentpernot.net\/eng\/wp-content\/uploads\/2021\/11\/laurent_nouveauxmondes_nov2021_01-1024x768.jpg\" alt=\"\" class=\"wp-image-5179\" srcset=\"https:\/\/www.laurentpernot.net\/eng\/wp-content\/uploads\/2021\/11\/laurent_nouveauxmondes_nov2021_01-1024x768.jpg 1024w, https:\/\/www.laurentpernot.net\/eng\/wp-content\/uploads\/2021\/11\/laurent_nouveauxmondes_nov2021_01-267x200.jpg 267w, https:\/\/www.laurentpernot.net\/eng\/wp-content\/uploads\/2021\/11\/laurent_nouveauxmondes_nov2021_01-768x576.jpg 768w, https:\/\/www.laurentpernot.net\/eng\/wp-content\/uploads\/2021\/11\/laurent_nouveauxmondes_nov2021_01.jpg 1200w\" sizes=\"auto, (max-width: 1024px) 100vw, 1024px\" \/><\/figure>\n\n\n\n<figure class=\"wp-block-image size-large\"><img loading=\"lazy\" decoding=\"async\" width=\"1000\" height=\"751\" data-id=\"5180\" src=\"https:\/\/www.laurentpernot.net\/eng\/wp-content\/uploads\/2021\/11\/laurent_nouveauxmondes_nov2021_02.jpg\" alt=\"\" class=\"wp-image-5180\" srcset=\"https:\/\/www.laurentpernot.net\/eng\/wp-content\/uploads\/2021\/11\/laurent_nouveauxmondes_nov2021_02.jpg 1000w, https:\/\/www.laurentpernot.net\/eng\/wp-content\/uploads\/2021\/11\/laurent_nouveauxmondes_nov2021_02-266x200.jpg 266w, https:\/\/www.laurentpernot.net\/eng\/wp-content\/uploads\/2021\/11\/laurent_nouveauxmondes_nov2021_02-768x577.jpg 768w\" sizes=\"auto, (max-width: 1000px) 100vw, 1000px\" \/><\/figure>\n<\/figure>\n\n\n\n<pre class=\"wp-block-verse\">Laureate of the <a href=\"https:\/\/www.culture.gouv.fr\/Aides-demarches\/Dispositifs-specifiques\/Mondes-nouveaux\/Un-programme-inedit-et-innovant\" target=\"_blank\" rel=\"noreferrer noopener\">MONDES NOUVEAUX<\/a> public commission program, initiated by President Emmanuel Macron, who appointed Bernard Blist\u00e8ne, former director of the Mus\u00e9e national d'art moderne - Centre Pompidou, to chair the committee responsible for selecting and supporting the selected projects. <br>Artistic Committee: Bernard Blist\u00e8ne, Ronan de Calan, Lucie Campos, Julien Creuzet, Rebecca Lamarche-Vadel, Bruno Messina, Caroline Naphegyi, Chlo\u00e9 Siganos, No\u00e9 Soulier <br>Among the other laureates are Jo\u00ebl Andrianomearisoa, Jean-Marie Appriou, Ivan Argote, Eric Baudelaire, Oliver Beer, Hicham Berrada, Mohamed Bourouissa, David Brognon and St\u00e9phanie Rollin, Isabelle Cornaro, Dewar &amp; Gicquel, Cyprien Gaillard, Fabien Giraud &amp; Rapha\u00ebl Siboni, Loris Gr\u00e9aud, Julien Pr\u00e9vieux, Chlo\u00e9 Quenum, St\u00e9phane Thidet, etc.<br>More information to come in 2022<\/pre>\n\n\n\n<hr class=\"wp-block-separator has-css-opacity\"\/>\n\n\n\n<figure class=\"wp-block-image size-large\"><a href=\"https:\/\/www.marguo.com\/\" target=\"_blank\" rel=\"noopener\"><img loading=\"lazy\" decoding=\"async\" width=\"1024\" height=\"498\" src=\"https:\/\/www.laurentpernot.net\/eng\/wp-content\/uploads\/2021\/09\/galeriemarguo-laurent-pernot-garden-view_ld-1024x498.jpg\" alt=\"\" class=\"wp-image-5088\" srcset=\"https:\/\/www.laurentpernot.net\/eng\/wp-content\/uploads\/2021\/09\/galeriemarguo-laurent-pernot-garden-view_ld-1024x498.jpg 1024w, https:\/\/www.laurentpernot.net\/eng\/wp-content\/uploads\/2021\/09\/galeriemarguo-laurent-pernot-garden-view_ld-300x146.jpg 300w, https:\/\/www.laurentpernot.net\/eng\/wp-content\/uploads\/2021\/09\/galeriemarguo-laurent-pernot-garden-view_ld-768x374.jpg 768w, https:\/\/www.laurentpernot.net\/eng\/wp-content\/uploads\/2021\/09\/galeriemarguo-laurent-pernot-garden-view_ld-1536x747.jpg 1536w, https:\/\/www.laurentpernot.net\/eng\/wp-content\/uploads\/2021\/09\/galeriemarguo-laurent-pernot-garden-view_ld.jpg 1875w\" sizes=\"auto, (max-width: 1024px) 100vw, 1024px\" \/><\/a><\/figure>\n\n\n\n<p><strong>ANTINO\u00dcS, ANTINO\u00dcS<\/strong><br>Exhibition at the Marguo gallery and in the Arnaud Beltrame garden<br>From September 25 to October 31, 2021<br>MARGUO GALLERY 75003 PARIS<br><a href=\"https:\/\/www.marguo.com\/\" target=\"_blank\" rel=\"noreferrer noopener\">https:\/\/www.marguo.com\/<\/a><\/p>\n\n\n\n<figure class=\"wp-block-embed aligncenter is-type-video is-provider-vimeo wp-block-embed-vimeo wp-embed-aspect-16-9 wp-has-aspect-ratio\"><div class=\"wp-block-embed__wrapper\">\n<iframe loading=\"lazy\" title=\"Laurent Pernot_Antinous Antinous\" src=\"https:\/\/player.vimeo.com\/video\/634504551?dnt=1&amp;app_id=122963\" width=\"500\" height=\"281\" frameborder=\"0\" allow=\"autoplay; fullscreen; picture-in-picture; clipboard-write; encrypted-media; web-share\"><\/iframe>\n<\/div><\/figure>\n\n\n\n<hr class=\"wp-block-separator has-css-opacity\"\/>\n\n\n\n<figure class=\"wp-block-image size-full\"><a href=\"https:\/\/www.ovni-festival.fr\/\" target=\"_blank\" rel=\"noopener\"><img loading=\"lazy\" decoding=\"async\" width=\"1024\" height=\"466\" src=\"https:\/\/www.laurentpernot.net\/eng\/wp-content\/uploads\/2021\/11\/57476bfb-869b-73c2-b563-58ced162c010.jpg\" alt=\"\" class=\"wp-image-5185\" srcset=\"https:\/\/www.laurentpernot.net\/eng\/wp-content\/uploads\/2021\/11\/57476bfb-869b-73c2-b563-58ced162c010.jpg 1024w, https:\/\/www.laurentpernot.net\/eng\/wp-content\/uploads\/2021\/11\/57476bfb-869b-73c2-b563-58ced162c010-300x137.jpg 300w, https:\/\/www.laurentpernot.net\/eng\/wp-content\/uploads\/2021\/11\/57476bfb-869b-73c2-b563-58ced162c010-768x350.jpg 768w\" sizes=\"auto, (max-width: 1024px) 100vw, 1024px\" \/><\/a><\/figure>\n\n\n\n<p><strong>OVNi<\/strong><br>Hotel Windsor, in partnership with the Forum of Foreign Cultural Institutes in Paris (FICEP)<br>From December 3 to 5, 2021<br>With ORLAN (featured artist in the lobby), Estera Tajber (Polish Institute), Clara Thomine (Centre Wallonie Bruxelles), Valentina and Sandrine (Italian Institute), Mircea Cantor (Romanian Cultural Institute), Marissa Viani and Yanieb Fabre (Mexican Institute), Anastasija Sosunova (Lithuanian Institute), Mike Bourscheid (Luxembourg Institute), Saliou Diop (La Korsa, Senegal), Maksaens Denis (Laboratorio Arts Contemporains), Ken Kobland (Argos Distribution), Rapha\u00ebl Bottiveau (Collection Quemin), Keiko Beckers (Collection Fassyat), Christian Marclay (Collection Lambert), Marie-Claire Messouma Manlanbien (Caisse d&#8217;Epargne), Sarah Meyohas (Prix Opline), Laurent Pernot (Images Passages) and the artists in residence: Corine Borgnet, Keiko Courdy, Ittah and Yoda, Nagham Hodaifa.<\/p>\n\n\n\n<hr class=\"wp-block-separator has-css-opacity\"\/>\n\n\n\n<figure class=\"wp-block-image size-full\"><img loading=\"lazy\" decoding=\"async\" width=\"1024\" height=\"532\" src=\"https:\/\/www.laurentpernot.net\/eng\/wp-content\/uploads\/2021\/09\/2021_9lives-magazine_MacValVentseleve-news-1.jpg\" alt=\"\" class=\"wp-image-5079\" srcset=\"https:\/\/www.laurentpernot.net\/eng\/wp-content\/uploads\/2021\/09\/2021_9lives-magazine_MacValVentseleve-news-1.jpg 1024w, https:\/\/www.laurentpernot.net\/eng\/wp-content\/uploads\/2021\/09\/2021_9lives-magazine_MacValVentseleve-news-1-300x156.jpg 300w, https:\/\/www.laurentpernot.net\/eng\/wp-content\/uploads\/2021\/09\/2021_9lives-magazine_MacValVentseleve-news-1-768x399.jpg 768w\" sizes=\"auto, (max-width: 1024px) 100vw, 1024px\" \/><\/figure>\n\n\n<p><strong>LE VENT SE L\u00c8VE<\/strong><br \/><span class=\"tlid-translation translation\" lang=\"en\"><span class=\"\" title=\"\">From March 6, 2020<\/span><\/span><br \/>Group show with Virginie Yassef, Charlotte Charbonnel, Angelika Markul, Dove Allouche, Evariste Richier, Hicham Berrada, Joana, Hadjithomas et Jalil Joreige, Ali Cherri, Philippe Mayaux, Eric Poitevin, Jean-Luc Moul\u00e8ne, Pierre Malphettes, Marion Verboom, Christian Boltanski, Enrique Ramirez, Cl\u00e9ment Cogitore, Bruno Serralongue, Lola Gonz\u00e0lez, St\u00e9phane Thidet, Tatiana Trouv\u00e9, Thu Van Tran, Gina Pane, Laure Prouvost, Beno\u00eet Maire, etc.<br \/>MAC VAL MUSEUM, Vitry-sur-Seine<br \/><a href=\"http:\/\/www.macval.fr\">http:\/\/www.macval.fr<\/a><\/p>\n\n\n<hr class=\"wp-block-separator has-css-opacity\"\/>\n\n\n\n<figure class=\"wp-block-image size-full is-resized\"><a href=\"https:\/\/infine-music.com\/news\/new-single-vanessa-wagner-inverness-suzanne-ciani\/\" target=\"_blank\" rel=\"noopener\"><img loading=\"lazy\" decoding=\"async\" width=\"600\" height=\"600\" src=\"https:\/\/www.laurentpernot.net\/eng\/wp-content\/uploads\/2021\/10\/3663729177513.jpg\" alt=\"\" class=\"wp-image-5161\" style=\"width:427px;height:427px\" srcset=\"https:\/\/www.laurentpernot.net\/eng\/wp-content\/uploads\/2021\/10\/3663729177513.jpg 600w, https:\/\/www.laurentpernot.net\/eng\/wp-content\/uploads\/2021\/10\/3663729177513-200x200.jpg 200w, https:\/\/www.laurentpernot.net\/eng\/wp-content\/uploads\/2021\/10\/3663729177513-150x150.jpg 150w\" sizes=\"auto, (max-width: 600px) 100vw, 600px\" \/><\/a><\/figure>\n\n\n\n<p><strong>INVERNESS<\/strong><br>Cover for the new single by Vanessa Wagner<br>Released October 12, 2021<br>A rare composition for piano written by electronic pioneer Suzanne Ciani<br>After <em>Inland<strong> <\/strong><\/em>(2019), the French pianist continues her exploration of the post minimalist repertoire at the edge of several styles, between Brian Eno, Suzanne Ciani, Nico Mulhy or Caroline Shaw. An invitation to an introspective and luminous journey, where the tone of the acoustic piano resonates with purity and sensuality<br><\/p>\n\n\n\n<hr class=\"wp-block-separator has-css-opacity\"\/>\n\n\n\n<figure class=\"wp-block-image size-full\"><a href=\"https:\/\/www.claudinecolin.com\/fr\/2350-blooming\" target=\"_blank\" rel=\"noopener\"><img loading=\"lazy\" decoding=\"async\" width=\"1000\" height=\"444\" src=\"https:\/\/www.laurentpernot.net\/eng\/wp-content\/uploads\/2021\/09\/DSC04590_webnews.jpg\" alt=\"\" class=\"wp-image-5087\" srcset=\"https:\/\/www.laurentpernot.net\/eng\/wp-content\/uploads\/2021\/09\/DSC04590_webnews.jpg 1000w, https:\/\/www.laurentpernot.net\/eng\/wp-content\/uploads\/2021\/09\/DSC04590_webnews-300x133.jpg 300w, https:\/\/www.laurentpernot.net\/eng\/wp-content\/uploads\/2021\/09\/DSC04590_webnews-768x341.jpg 768w\" sizes=\"auto, (max-width: 1000px) 100vw, 1000px\" \/><\/a><\/figure>\n\n\n\n<p><strong>BLOOMING<\/strong><br>Specific production, acquired by the VRANKEN POMMERY collection<br>From June 3rd to November 15, 2021<br>Group exhibition curated by Nathalie Vranken, Catherine Delot, Fabrice Bousteau<br>DOMAINE POMMERY, REIMS<\/p>\n\n\n\n<hr class=\"wp-block-separator has-css-opacity\"\/>\n\n\n\n<figure class=\"wp-block-image size-full\"><img loading=\"lazy\" decoding=\"async\" width=\"1000\" height=\"612\" src=\"http:\/\/www.laurentpernot.net\/eng\/wp-content\/uploads\/2021\/09\/laurentpernot_le-temps-de-vivre-e1632929156570.jpg\" alt=\"\" class=\"wp-image-5086\" srcset=\"https:\/\/www.laurentpernot.net\/eng\/wp-content\/uploads\/2021\/09\/laurentpernot_le-temps-de-vivre-e1632929156570.jpg 1000w, https:\/\/www.laurentpernot.net\/eng\/wp-content\/uploads\/2021\/09\/laurentpernot_le-temps-de-vivre-e1632929156570-300x184.jpg 300w, https:\/\/www.laurentpernot.net\/eng\/wp-content\/uploads\/2021\/09\/laurentpernot_le-temps-de-vivre-e1632929156570-768x470.jpg 768w\" sizes=\"auto, (max-width: 1000px) 100vw, 1000px\" \/><\/figure>\n\n\n\n<p><strong>SUMMER PIECES &#8211; MALBUISSON QUADRIENNALE<\/strong><br>Specific production, outdoor sculpture<br>From June 12 to September 19, 2021<br>City of MALBUISSON<\/p>\n\n\n\n<hr class=\"wp-block-separator has-css-opacity\"\/>\n\n\n\n<figure class=\"wp-block-image size-large\"><img loading=\"lazy\" decoding=\"async\" width=\"1024\" height=\"683\" src=\"https:\/\/www.laurentpernot.net\/eng\/wp-content\/uploads\/2021\/09\/laurentpernot\u00a9mantovaniandrea-12-scaled-1-1024x683.jpg\" alt=\"\" class=\"wp-image-5085\" srcset=\"https:\/\/www.laurentpernot.net\/eng\/wp-content\/uploads\/2021\/09\/laurentpernot\u00a9mantovaniandrea-12-scaled-1-1024x683.jpg 1024w, https:\/\/www.laurentpernot.net\/eng\/wp-content\/uploads\/2021\/09\/laurentpernot\u00a9mantovaniandrea-12-scaled-1-300x200.jpg 300w, https:\/\/www.laurentpernot.net\/eng\/wp-content\/uploads\/2021\/09\/laurentpernot\u00a9mantovaniandrea-12-scaled-1-768x512.jpg 768w, https:\/\/www.laurentpernot.net\/eng\/wp-content\/uploads\/2021\/09\/laurentpernot\u00a9mantovaniandrea-12-scaled-1-1536x1024.jpg 1536w, https:\/\/www.laurentpernot.net\/eng\/wp-content\/uploads\/2021\/09\/laurentpernot\u00a9mantovaniandrea-12-scaled-1-2048x1366.jpg 2048w, https:\/\/www.laurentpernot.net\/eng\/wp-content\/uploads\/2021\/09\/laurentpernot\u00a9mantovaniandrea-12-scaled-1-295x197.jpg 295w, https:\/\/www.laurentpernot.net\/eng\/wp-content\/uploads\/2021\/09\/laurentpernot\u00a9mantovaniandrea-12-scaled-1-379x254.jpg 379w\" sizes=\"auto, (max-width: 1024px) 100vw, 1024px\" \/><figcaption class=\"wp-element-caption\">Cr\u00e9dit ANDREA MANTOVANI<\/figcaption><\/figure>\n\n\n\n<figure class=\"wp-block-image size-full\"><img loading=\"lazy\" decoding=\"async\" width=\"1000\" height=\"770\" src=\"https:\/\/www.laurentpernot.net\/eng\/wp-content\/uploads\/2021\/09\/LaurentPernot\u00a9MantovaniAndrea-13web.jpg\" alt=\"\" class=\"wp-image-5084\" srcset=\"https:\/\/www.laurentpernot.net\/eng\/wp-content\/uploads\/2021\/09\/LaurentPernot\u00a9MantovaniAndrea-13web.jpg 1000w, https:\/\/www.laurentpernot.net\/eng\/wp-content\/uploads\/2021\/09\/LaurentPernot\u00a9MantovaniAndrea-13web-260x200.jpg 260w, https:\/\/www.laurentpernot.net\/eng\/wp-content\/uploads\/2021\/09\/LaurentPernot\u00a9MantovaniAndrea-13web-768x591.jpg 768w\" sizes=\"auto, (max-width: 1000px) 100vw, 1000px\" \/><figcaption class=\"wp-element-caption\">Cr\u00e9dit ANDREA MANTOVANI<\/figcaption><\/figure>\n\n\n\n<p><strong>ANGLET BIENNALE<\/strong><br>August to November 2021<br>Specific production, outdoor sculpture<br>Curated by COAL<br>CITY OF ANGLET<\/p>\n\n\n\n<hr class=\"wp-block-separator has-css-opacity\"\/>\n\n\n\n<figure class=\"wp-block-image size-full\"><a href=\"https:\/\/www.privatechoice.fr\" target=\"_blank\" rel=\"noopener\"><img loading=\"lazy\" decoding=\"async\" width=\"1000\" height=\"474\" src=\"https:\/\/www.laurentpernot.net\/eng\/wp-content\/uploads\/2021\/09\/archik-la-revue-article-private-choice-21.jpg\" alt=\"\" class=\"wp-image-5082\" srcset=\"https:\/\/www.laurentpernot.net\/eng\/wp-content\/uploads\/2021\/09\/archik-la-revue-article-private-choice-21.jpg 1000w, https:\/\/www.laurentpernot.net\/eng\/wp-content\/uploads\/2021\/09\/archik-la-revue-article-private-choice-21-300x142.jpg 300w, https:\/\/www.laurentpernot.net\/eng\/wp-content\/uploads\/2021\/09\/archik-la-revue-article-private-choice-21-768x364.jpg 768w\" sizes=\"auto, (max-width: 1000px) 100vw, 1000px\" \/><\/a><\/figure>\n\n\n\n<p><strong>PRIVATE CHOICE<\/strong><br>From October 18 to 24, 2021<br>Under the direction of Nadia Candet, an imagined and ephemeral contemporary collection of art and design<br>7 Avenue Franklin D. Roosevelt, Paris 8<br><a href=\"https:\/\/www.privatechoice.fr\" target=\"_blank\" rel=\"noreferrer noopener\">https:\/\/www.privatechoice.fr<\/a><\/p>\n\n\n\n<hr class=\"wp-block-separator has-css-opacity\"\/>\n\n\n\n<figure class=\"wp-block-image size-full\"><img loading=\"lazy\" decoding=\"async\" width=\"1000\" height=\"447\" src=\"https:\/\/www.laurentpernot.net\/eng\/wp-content\/uploads\/2021\/09\/laurentpernot_works_2021_gredesmots_img02_rf.jpg\" alt=\"\" class=\"wp-image-5083\" srcset=\"https:\/\/www.laurentpernot.net\/eng\/wp-content\/uploads\/2021\/09\/laurentpernot_works_2021_gredesmots_img02_rf.jpg 1000w, https:\/\/www.laurentpernot.net\/eng\/wp-content\/uploads\/2021\/09\/laurentpernot_works_2021_gredesmots_img02_rf-300x134.jpg 300w, https:\/\/www.laurentpernot.net\/eng\/wp-content\/uploads\/2021\/09\/laurentpernot_works_2021_gredesmots_img02_rf-768x343.jpg 768w\" sizes=\"auto, (max-width: 1000px) 100vw, 1000px\" \/><\/figure>\n\n\n\n<p><strong>AU GR\u00c9 DES MOTS<\/strong><br>Public commission, Fran\u00e7oise H\u00e9ritier college, Noisy-le-Sec<br>Permanent installation and publication of a specific book<br>Inauguration Fall 2021<br>Production ADIM &amp; General Council of Seine-Saint-Denis<\/p>\n\n\n\n<hr class=\"wp-block-separator has-css-opacity\"\/>\n\n\n\n<figure class=\"wp-block-image size-full\"><a href=\"https:\/\/www.chateaudurivau.com\/fr\/art-expo-rivau-2020.php\" target=\"_blank\" rel=\"noopener\"><img loading=\"lazy\" decoding=\"async\" width=\"1000\" height=\"419\" src=\"https:\/\/www.laurentpernot.net\/eng\/wp-content\/uploads\/2021\/09\/55799540-41679843.jpg\" alt=\"\" class=\"wp-image-5081\" srcset=\"https:\/\/www.laurentpernot.net\/eng\/wp-content\/uploads\/2021\/09\/55799540-41679843.jpg 1000w, https:\/\/www.laurentpernot.net\/eng\/wp-content\/uploads\/2021\/09\/55799540-41679843-300x126.jpg 300w, https:\/\/www.laurentpernot.net\/eng\/wp-content\/uploads\/2021\/09\/55799540-41679843-768x322.jpg 768w\" sizes=\"auto, (max-width: 1000px) 100vw, 1000px\" \/><\/a><\/figure>\n\n\n\n<p><strong>THE TASTE OF ART &#8211; PART II<\/strong><br>From May 1 to November 1, 2021<br>Collective exhibition<br>With Pierre Ardouvin, Mat Collishaw, Damien Deroubaix, Lionel Est\u00e8ve, Richard Fauguet, Ali Kazma, C\u00e9cile Hartman, Fabien Merelle, Vincent Olinet, ORLAN, Irving Penn, Till Rabus, Antoine Roegiers, Satoshi Sa\u00eekusa, Georgio Silvestrini, Gavin Turc, etc.<br>CH\u00c2TEAU DU RIVAU, L\u00e9mer\u00e9<\/p>\n\n\n\n<hr class=\"wp-block-separator has-css-opacity\"\/>\n\n\n\n<figure class=\"wp-block-image size-full\"><a href=\"https:\/\/www.marguo.com\/\" target=\"_blank\" rel=\"noopener\"><img loading=\"lazy\" decoding=\"async\" width=\"1000\" height=\"531\" src=\"https:\/\/www.laurentpernot.net\/eng\/wp-content\/uploads\/2021\/09\/galeriemarguo-JM-Vanessa.jpg\" alt=\"\" class=\"wp-image-5091\" srcset=\"https:\/\/www.laurentpernot.net\/eng\/wp-content\/uploads\/2021\/09\/galeriemarguo-JM-Vanessa.jpg 1000w, https:\/\/www.laurentpernot.net\/eng\/wp-content\/uploads\/2021\/09\/galeriemarguo-JM-Vanessa-300x159.jpg 300w, https:\/\/www.laurentpernot.net\/eng\/wp-content\/uploads\/2021\/09\/galeriemarguo-JM-Vanessa-768x408.jpg 768w\" sizes=\"auto, (max-width: 1000px) 100vw, 1000px\" \/><\/a><\/figure>\n\n\n\n<p>Laurent Pernot joins Marguo Gallery, co-founded by Vanessa Guo, formerly Director of Hauser &amp; Wirth\u2019s activity in Asia, and Paris art dealer, Jean-Mathieu Martini, opened in October 2020. The program at Galerie Marguo focuses on emerging artists from around the globe with a strong Franco-Chinese element, stemming from Guo\u2019s experience building artist relationships in Asia and a desire to provide greater visibility to Asian artists in Europe. Exhibitions are presented in a refurbished historical military complex on Rue des Minimes in the heart of the Marais district. Sited inside of a beautiful courtyard, Galerie Marguo is in close proximity to The Centre Pompidou and other international galleries in an area known as the center of Parisian arts and culture.<\/p>\n\n\n\n<hr class=\"wp-block-separator has-css-opacity\"\/>\n\n\n","protected":false},"excerpt":{"rendered":"<p>JULY 1, 2025 | I am delighted to share with you the release today of the video clip specially made for Philip Glass&#8217;s Etude No.2, magnificently interpreted by Vanessa Wagner, and ahead of the album \u201cPhilip Glass &#8211; The Complete Piano Etudes\u201d to be released on 10.10.2025 (INFINE MUSIC).I wish you a happy summer ! [&hellip;]<\/p>\n","protected":false},"author":1,"featured_media":0,"parent":0,"menu_order":0,"comment_status":"closed","ping_status":"closed","template":"","meta":{"footnotes":""},"class_list":["post-2","page","type-page","status-publish","hentry"],"yoast_head":"<!-- This site is optimized with the Yoast SEO plugin v27.5 - https:\/\/yoast.com\/product\/yoast-seo-wordpress\/ -->\n<title>NEWS - laurent pernot<\/title>\n<meta name=\"robots\" content=\"index, follow, max-snippet:-1, max-image-preview:large, max-video-preview:-1\" \/>\n<link rel=\"canonical\" href=\"https:\/\/www.laurentpernot.net\/eng\/news\/\" \/>\n<meta property=\"og:locale\" content=\"en_US\" \/>\n<meta property=\"og:type\" content=\"article\" \/>\n<meta property=\"og:title\" content=\"NEWS - laurent pernot\" \/>\n<meta property=\"og:description\" content=\"JULY 1, 2025 | I am delighted to share with you the release today of the video clip specially made for Philip Glass&#8217;s Etude No.2, magnificently interpreted by Vanessa Wagner, and ahead of the album \u201cPhilip Glass &#8211; The Complete Piano Etudes\u201d to be released on 10.10.2025 (INFINE MUSIC).I wish you a happy summer ! [&hellip;]\" \/>\n<meta property=\"og:url\" content=\"https:\/\/www.laurentpernot.net\/eng\/news\/\" \/>\n<meta property=\"og:site_name\" content=\"laurent pernot\" \/>\n<meta property=\"article:modified_time\" content=\"2025-07-01T17:38:07+00:00\" \/>\n<meta property=\"og:image\" content=\"https:\/\/www.laurentpernot.net\/eng\/wp-content\/uploads\/2025\/01\/Laurent-Pernot-PERNOT130.jpg\" \/>\n\t<meta property=\"og:image:width\" content=\"1200\" \/>\n\t<meta property=\"og:image:height\" content=\"818\" \/>\n\t<meta property=\"og:image:type\" content=\"image\/jpeg\" \/>\n<meta name=\"twitter:label1\" content=\"Est. reading time\" \/>\n\t<meta name=\"twitter:data1\" content=\"35 minutes\" \/>\n<script type=\"application\/ld+json\" class=\"yoast-schema-graph\">{\"@context\":\"https:\\\/\\\/schema.org\",\"@graph\":[{\"@type\":\"WebPage\",\"@id\":\"https:\\\/\\\/www.laurentpernot.net\\\/eng\\\/news\\\/\",\"url\":\"https:\\\/\\\/www.laurentpernot.net\\\/eng\\\/news\\\/\",\"name\":\"NEWS - laurent pernot\",\"isPartOf\":{\"@id\":\"https:\\\/\\\/www.laurentpernot.net\\\/eng\\\/#website\"},\"primaryImageOfPage\":{\"@id\":\"https:\\\/\\\/www.laurentpernot.net\\\/eng\\\/news\\\/#primaryimage\"},\"image\":{\"@id\":\"https:\\\/\\\/www.laurentpernot.net\\\/eng\\\/news\\\/#primaryimage\"},\"thumbnailUrl\":\"http:\\\/\\\/www.laurentpernot.net\\\/eng\\\/wp-content\\\/uploads\\\/2025\\\/01\\\/Laurent-Pernot-PERNOT130.jpg\",\"datePublished\":\"2013-02-10T04:54:55+00:00\",\"dateModified\":\"2025-07-01T17:38:07+00:00\",\"breadcrumb\":{\"@id\":\"https:\\\/\\\/www.laurentpernot.net\\\/eng\\\/news\\\/#breadcrumb\"},\"inLanguage\":\"en-US\",\"potentialAction\":[{\"@type\":\"ReadAction\",\"target\":[\"https:\\\/\\\/www.laurentpernot.net\\\/eng\\\/news\\\/\"]}]},{\"@type\":\"ImageObject\",\"inLanguage\":\"en-US\",\"@id\":\"https:\\\/\\\/www.laurentpernot.net\\\/eng\\\/news\\\/#primaryimage\",\"url\":\"https:\\\/\\\/www.laurentpernot.net\\\/eng\\\/wp-content\\\/uploads\\\/2025\\\/01\\\/Laurent-Pernot-PERNOT130.jpg\",\"contentUrl\":\"https:\\\/\\\/www.laurentpernot.net\\\/eng\\\/wp-content\\\/uploads\\\/2025\\\/01\\\/Laurent-Pernot-PERNOT130.jpg\",\"width\":1200,\"height\":818},{\"@type\":\"BreadcrumbList\",\"@id\":\"https:\\\/\\\/www.laurentpernot.net\\\/eng\\\/news\\\/#breadcrumb\",\"itemListElement\":[{\"@type\":\"ListItem\",\"position\":1,\"name\":\"Home\",\"item\":\"https:\\\/\\\/www.laurentpernot.net\\\/eng\\\/\"},{\"@type\":\"ListItem\",\"position\":2,\"name\":\"NEWS\"}]},{\"@type\":\"WebSite\",\"@id\":\"https:\\\/\\\/www.laurentpernot.net\\\/eng\\\/#website\",\"url\":\"https:\\\/\\\/www.laurentpernot.net\\\/eng\\\/\",\"name\":\"laurent pernot\",\"description\":\"Official website of the French contemporary artist Laurent Pernot\",\"potentialAction\":[{\"@type\":\"SearchAction\",\"target\":{\"@type\":\"EntryPoint\",\"urlTemplate\":\"https:\\\/\\\/www.laurentpernot.net\\\/eng\\\/?s={search_term_string}\"},\"query-input\":{\"@type\":\"PropertyValueSpecification\",\"valueRequired\":true,\"valueName\":\"search_term_string\"}}],\"inLanguage\":\"en-US\"}]}<\/script>\n<!-- \/ Yoast SEO plugin. -->","yoast_head_json":{"title":"NEWS - laurent pernot","robots":{"index":"index","follow":"follow","max-snippet":"max-snippet:-1","max-image-preview":"max-image-preview:large","max-video-preview":"max-video-preview:-1"},"canonical":"https:\/\/www.laurentpernot.net\/eng\/news\/","og_locale":"en_US","og_type":"article","og_title":"NEWS - laurent pernot","og_description":"JULY 1, 2025 | I am delighted to share with you the release today of the video clip specially made for Philip Glass&#8217;s Etude No.2, magnificently interpreted by Vanessa Wagner, and ahead of the album \u201cPhilip Glass &#8211; The Complete Piano Etudes\u201d to be released on 10.10.2025 (INFINE MUSIC).I wish you a happy summer ! [&hellip;]","og_url":"https:\/\/www.laurentpernot.net\/eng\/news\/","og_site_name":"laurent pernot","article_modified_time":"2025-07-01T17:38:07+00:00","og_image":[{"width":1200,"height":818,"url":"https:\/\/www.laurentpernot.net\/eng\/wp-content\/uploads\/2025\/01\/Laurent-Pernot-PERNOT130.jpg","type":"image\/jpeg"}],"twitter_misc":{"Est. reading time":"35 minutes"},"schema":{"@context":"https:\/\/schema.org","@graph":[{"@type":"WebPage","@id":"https:\/\/www.laurentpernot.net\/eng\/news\/","url":"https:\/\/www.laurentpernot.net\/eng\/news\/","name":"NEWS - laurent pernot","isPartOf":{"@id":"https:\/\/www.laurentpernot.net\/eng\/#website"},"primaryImageOfPage":{"@id":"https:\/\/www.laurentpernot.net\/eng\/news\/#primaryimage"},"image":{"@id":"https:\/\/www.laurentpernot.net\/eng\/news\/#primaryimage"},"thumbnailUrl":"http:\/\/www.laurentpernot.net\/eng\/wp-content\/uploads\/2025\/01\/Laurent-Pernot-PERNOT130.jpg","datePublished":"2013-02-10T04:54:55+00:00","dateModified":"2025-07-01T17:38:07+00:00","breadcrumb":{"@id":"https:\/\/www.laurentpernot.net\/eng\/news\/#breadcrumb"},"inLanguage":"en-US","potentialAction":[{"@type":"ReadAction","target":["https:\/\/www.laurentpernot.net\/eng\/news\/"]}]},{"@type":"ImageObject","inLanguage":"en-US","@id":"https:\/\/www.laurentpernot.net\/eng\/news\/#primaryimage","url":"https:\/\/www.laurentpernot.net\/eng\/wp-content\/uploads\/2025\/01\/Laurent-Pernot-PERNOT130.jpg","contentUrl":"https:\/\/www.laurentpernot.net\/eng\/wp-content\/uploads\/2025\/01\/Laurent-Pernot-PERNOT130.jpg","width":1200,"height":818},{"@type":"BreadcrumbList","@id":"https:\/\/www.laurentpernot.net\/eng\/news\/#breadcrumb","itemListElement":[{"@type":"ListItem","position":1,"name":"Home","item":"https:\/\/www.laurentpernot.net\/eng\/"},{"@type":"ListItem","position":2,"name":"NEWS"}]},{"@type":"WebSite","@id":"https:\/\/www.laurentpernot.net\/eng\/#website","url":"https:\/\/www.laurentpernot.net\/eng\/","name":"laurent pernot","description":"Official website of the French contemporary artist Laurent Pernot","potentialAction":[{"@type":"SearchAction","target":{"@type":"EntryPoint","urlTemplate":"https:\/\/www.laurentpernot.net\/eng\/?s={search_term_string}"},"query-input":{"@type":"PropertyValueSpecification","valueRequired":true,"valueName":"search_term_string"}}],"inLanguage":"en-US"}]}},"_links":{"self":[{"href":"https:\/\/www.laurentpernot.net\/eng\/wp-json\/wp\/v2\/pages\/2","targetHints":{"allow":["GET"]}}],"collection":[{"href":"https:\/\/www.laurentpernot.net\/eng\/wp-json\/wp\/v2\/pages"}],"about":[{"href":"https:\/\/www.laurentpernot.net\/eng\/wp-json\/wp\/v2\/types\/page"}],"author":[{"embeddable":true,"href":"https:\/\/www.laurentpernot.net\/eng\/wp-json\/wp\/v2\/users\/1"}],"replies":[{"embeddable":true,"href":"https:\/\/www.laurentpernot.net\/eng\/wp-json\/wp\/v2\/comments?post=2"}],"version-history":[{"count":229,"href":"https:\/\/www.laurentpernot.net\/eng\/wp-json\/wp\/v2\/pages\/2\/revisions"}],"predecessor-version":[{"id":5783,"href":"https:\/\/www.laurentpernot.net\/eng\/wp-json\/wp\/v2\/pages\/2\/revisions\/5783"}],"wp:attachment":[{"href":"https:\/\/www.laurentpernot.net\/eng\/wp-json\/wp\/v2\/media?parent=2"}],"curies":[{"name":"wp","href":"https:\/\/api.w.org\/{rel}","templated":true}]}}